{"id":110,"date":"2019-03-21T05:08:18","date_gmt":"2019-03-21T05:08:18","guid":{"rendered":"http:\/\/www.ferienhaus-campodoro.ch\/?page_id=110"},"modified":"2026-03-02T13:43:54","modified_gmt":"2026-03-02T12:43:54","slug":"privatstrand","status":"publish","type":"page","link":"https:\/\/www.ferienhaus-campodoro.ch\/index.php\/privatstrand\/","title":{"rendered":"Der Privatstrand"},"content":{"rendered":"\t\t<div data-elementor-type=\"wp-post\" data-elementor-id=\"110\" class=\"elementor elementor-110\" data-elementor-post-type=\"page\">\n\t\t\t\t\t\t<section class=\"elementor-section elementor-top-section elementor-element elementor-element-43d4738 elementor-section-boxed elementor-section-height-default elementor-section-height-default\" data-id=\"43d4738\" data-element_type=\"section\" data-e-type=\"section\" data-settings=\"{&quot;background_background&quot;:&quot;classic&quot;}\">\n\t\t\t\t\t\t<div class=\"elementor-container elementor-column-gap-no\">\n\t\t\t\t\t<div class=\"elementor-column elementor-col-100 elementor-top-column elementor-element elementor-element-54f6517\" data-id=\"54f6517\" data-element_type=\"column\" data-e-type=\"column\">\n\t\t\t<div class=\"elementor-widget-wrap elementor-element-populated\">\n\t\t\t\t\t\t<div class=\"elementor-element elementor-element-4d4eccb elementor-widget elementor-widget-heading\" data-id=\"4d4eccb\" data-element_type=\"widget\" data-e-type=\"widget\" data-widget_type=\"heading.default\">\n\t\t\t\t<div class=\"elementor-widget-container\">\n\t\t\t\t\t<h2 class=\"elementor-heading-title elementor-size-default\">Der Privatstrand<\/h2>\t\t\t\t<\/div>\n\t\t\t\t<\/div>\n\t\t\t\t<div class=\"elementor-element elementor-element-591c4b4 elementor-widget elementor-widget-text-editor\" data-id=\"591c4b4\" data-element_type=\"widget\" data-e-type=\"widget\" data-widget_type=\"text-editor.default\">\n\t\t\t\t<div class=\"elementor-widget-container\">\n\t\t\t\t\t\t\t\t\t<p>Das Ferienhaus Campo d&#8217;Oro verf\u00fcgt \u00fcber einen\u00a0 exklusiven, nur f\u00fcr Sie zug\u00e4nglichen Privatstrand. Dieser ist nur wenige Meter vom Haus entfernt und nur durch eine Strasse vom Grundst\u00fcck getrennt. Verbringen Sie unbeschwerte Stunden direkt am Luganersee mit Blick nach Italien.<\/p>\t\t\t\t\t\t\t\t<\/div>\n\t\t\t\t<\/div>\n\t\t\t\t\t<\/div>\n\t\t<\/div>\n\t\t\t\t\t<\/div>\n\t\t<\/section>\n\t\t\t\t<section class=\"elementor-section elementor-top-section elementor-element elementor-element-e18902e elementor-section-stretched elementor-section-full_width elementor-section-height-default elementor-section-height-default\" data-id=\"e18902e\" data-element_type=\"section\" data-e-type=\"section\" data-settings=\"{&quot;stretch_section&quot;:&quot;section-stretched&quot;}\">\n\t\t\t\t\t\t<div class=\"elementor-container elementor-column-gap-default\">\n\t\t\t\t\t<div class=\"elementor-column elementor-col-100 elementor-top-column elementor-element elementor-element-07bbaab\" data-id=\"07bbaab\" data-element_type=\"column\" data-e-type=\"column\" data-settings=\"{&quot;background_background&quot;:&quot;classic&quot;}\">\n\t\t\t<div class=\"elementor-widget-wrap elementor-element-populated\">\n\t\t\t\t\t\t<div class=\"elementor-element elementor-element-bcab2cb elementor-widget elementor-widget-heading\" data-id=\"bcab2cb\" data-element_type=\"widget\" data-e-type=\"widget\" data-widget_type=\"heading.default\">\n\t\t\t\t<div class=\"elementor-widget-container\">\n\t\t\t\t\t<h2 class=\"elementor-heading-title elementor-size-default\">Eine Idylle direkt am Luganersee<\/h2>\t\t\t\t<\/div>\n\t\t\t\t<\/div>\n\t\t\t\t\t<\/div>\n\t\t<\/div>\n\t\t\t\t\t<\/div>\n\t\t<\/section>\n\t\t\t\t<section class=\"elementor-section elementor-top-section elementor-element elementor-element-098f60e elementor-section-stretched elementor-section-full_width elementor-section-height-default elementor-section-height-default\" data-id=\"098f60e\" data-element_type=\"section\" data-e-type=\"section\" data-settings=\"{&quot;stretch_section&quot;:&quot;section-stretched&quot;}\">\n\t\t\t\t\t\t<div class=\"elementor-container elementor-column-gap-default\">\n\t\t\t\t\t<div class=\"elementor-column elementor-col-100 elementor-top-column elementor-element elementor-element-f6a060b\" data-id=\"f6a060b\" data-element_type=\"column\" data-e-type=\"column\" data-settings=\"{&quot;background_background&quot;:&quot;classic&quot;}\">\n\t\t\t<div class=\"elementor-widget-wrap elementor-element-populated\">\n\t\t\t\t\t\t<div class=\"elementor-element elementor-element-e2836e3 elementor-widget elementor-widget-heading\" data-id=\"e2836e3\" data-element_type=\"widget\" data-e-type=\"widget\" data-widget_type=\"heading.default\">\n\t\t\t\t<div class=\"elementor-widget-container\">\n\t\t\t\t\t<h2 class=\"elementor-heading-title elementor-size-default\">Holzdeck mit Sitz- und Liegem\u00f6glichkeiten<\/h2>\t\t\t\t<\/div>\n\t\t\t\t<\/div>\n\t\t\t\t\t<\/div>\n\t\t<\/div>\n\t\t\t\t\t<\/div>\n\t\t<\/section>\n\t\t\t\t<section class=\"elementor-section elementor-top-section elementor-element elementor-element-01497fd elementor-section-stretched elementor-section-full_width elementor-section-height-default elementor-section-height-default\" data-id=\"01497fd\" data-element_type=\"section\" data-e-type=\"section\" data-settings=\"{&quot;stretch_section&quot;:&quot;section-stretched&quot;}\">\n\t\t\t\t\t\t<div class=\"elementor-container elementor-column-gap-default\">\n\t\t\t\t\t<div class=\"elementor-column elementor-col-100 elementor-top-column elementor-element elementor-element-6b50812\" data-id=\"6b50812\" data-element_type=\"column\" data-e-type=\"column\" data-settings=\"{&quot;background_background&quot;:&quot;classic&quot;}\">\n\t\t\t<div class=\"elementor-widget-wrap elementor-element-populated\">\n\t\t\t\t\t\t<div class=\"elementor-element elementor-element-7e9c5e2 elementor-widget elementor-widget-heading\" data-id=\"7e9c5e2\" data-element_type=\"widget\" data-e-type=\"widget\" data-widget_type=\"heading.default\">\n\t\t\t\t<div class=\"elementor-widget-container\">\n\t\t\t\t\t<h2 class=\"elementor-heading-title elementor-size-default\">Ruderboot am Privatstrand<\/h2>\t\t\t\t<\/div>\n\t\t\t\t<\/div>\n\t\t\t\t\t<\/div>\n\t\t<\/div>\n\t\t\t\t\t<\/div>\n\t\t<\/section>\n\t\t\t\t<section class=\"elementor-section elementor-top-section elementor-element elementor-element-70c3f91 elementor-section-stretched elementor-section-full_width elementor-section-height-default elementor-section-height-default\" data-id=\"70c3f91\" data-element_type=\"section\" data-e-type=\"section\" data-settings=\"{&quot;stretch_section&quot;:&quot;section-stretched&quot;}\">\n\t\t\t\t\t\t<div class=\"elementor-container elementor-column-gap-default\">\n\t\t\t\t\t<div class=\"elementor-column elementor-col-100 elementor-top-column elementor-element elementor-element-f91e42b\" data-id=\"f91e42b\" data-element_type=\"column\" data-e-type=\"column\" data-settings=\"{&quot;background_background&quot;:&quot;classic&quot;}\">\n\t\t\t<div class=\"elementor-widget-wrap elementor-element-populated\">\n\t\t\t\t\t\t<div class=\"elementor-element elementor-element-82bb99e elementor-widget elementor-widget-heading\" data-id=\"82bb99e\" data-element_type=\"widget\" data-e-type=\"widget\" data-widget_type=\"heading.default\">\n\t\t\t\t<div class=\"elementor-widget-container\">\n\t\t\t\t\t<h2 class=\"elementor-heading-title elementor-size-default\">Sonnenuntergang am See<\/h2>\t\t\t\t<\/div>\n\t\t\t\t<\/div>\n\t\t\t\t\t<\/div>\n\t\t<\/div>\n\t\t\t\t\t<\/div>\n\t\t<\/section>\n\t\t\t\t<section class=\"elementor-section elementor-top-section elementor-element elementor-element-fbe07ce elementor-section-stretched elementor-section-full_width elementor-section-height-default elementor-section-height-default\" data-id=\"fbe07ce\" data-element_type=\"section\" data-e-type=\"section\" data-settings=\"{&quot;stretch_section&quot;:&quot;section-stretched&quot;}\">\n\t\t\t\t\t\t<div class=\"elementor-container elementor-column-gap-default\">\n\t\t\t\t\t<div class=\"elementor-column elementor-col-100 elementor-top-column elementor-element elementor-element-a06015d\" data-id=\"a06015d\" data-element_type=\"column\" data-e-type=\"column\" data-settings=\"{&quot;background_background&quot;:&quot;classic&quot;}\">\n\t\t\t<div class=\"elementor-widget-wrap elementor-element-populated\">\n\t\t\t\t\t\t<div class=\"elementor-element elementor-element-6d2b8a6 elementor-widget elementor-widget-heading\" data-id=\"6d2b8a6\" data-element_type=\"widget\" data-e-type=\"widget\" data-widget_type=\"heading.default\">\n\t\t\t\t<div class=\"elementor-widget-container\">\n\t\t\t\t\t<h2 class=\"elementor-heading-title elementor-size-default\">Natur pur<\/h2>\t\t\t\t<\/div>\n\t\t\t\t<\/div>\n\t\t\t\t\t<\/div>\n\t\t<\/div>\n\t\t\t\t\t<\/div>\n\t\t<\/section>\n\t\t\t\t<\/div>\n\t\t","protected":false},"excerpt":{"rendered":"<p>Der Privatstrand Das Ferienhaus Campo d&#8217;Oro verf\u00fcgt \u00fcber einen\u00a0 exklusiven, nur f\u00fcr Sie zug\u00e4nglichen Privatstrand. Dieser ist nur wenige Meter vom Haus entfernt und nur durch eine Strasse vom Grundst\u00fcck getrennt. Verbringen Sie unbeschwerte Stunden direkt am Luganersee mit Blick nach Italien. Eine Idylle direkt am Luganersee Holzdeck mit Sitz- und Liegem\u00f6glichkeiten Ruderboot am Privatstrand &hellip; <\/p>\n<p class=\"link-more\"><a href=\"https:\/\/www.ferienhaus-campodoro.ch\/index.php\/privatstrand\/\" class=\"more-link\"><span class=\"screen-reader-text\">&#171;Der Privatstrand&#187;<\/span> weiterlesen<\/a><\/p>\n","protected":false},"author":1,"featured_media":0,"parent":0,"menu_order":0,"comment_status":"closed","ping_status":"closed","template":"elementor_header_footer","meta":{"footnotes":""},"class_list":["post-110","page","type-page","status-publish","hentry"],"yoast_head":"<!-- This site is optimized with the Yoast SEO Premium plugin v28.3 (Yoast SEO v28.3) - https:\/\/yoast.com\/product\/yoast-seo-premium-wordpress\/ -->\n<title>Der Privatstrand - Campo d&#039;Oro<\/title>\n<meta name=\"robots\" content=\"index, follow, max-snippet:-1, max-image-preview:large, max-video-preview:-1\" \/>\n<link rel=\"canonical\" href=\"https:\/\/www.ferienhaus-campodoro.ch\/index.php\/privatstrand\/\" \/>\n<meta property=\"og:locale\" content=\"de_DE\" \/>\n<meta property=\"og:type\" content=\"article\" \/>\n<meta property=\"og:title\" content=\"Der Privatstrand\" \/>\n<meta property=\"og:description\" content=\"Der Privatstrand Das Ferienhaus Campo d&#8217;Oro verf\u00fcgt \u00fcber einen\u00a0 exklusiven, nur f\u00fcr Sie zug\u00e4nglichen Privatstrand. Dieser ist nur wenige Meter vom Haus entfernt und nur durch eine Strasse vom Grundst\u00fcck getrennt. Verbringen Sie unbeschwerte Stunden direkt am Luganersee mit Blick nach Italien. Eine Idylle direkt am Luganersee Holzdeck mit Sitz- und Liegem\u00f6glichkeiten Ruderboot am Privatstrand &hellip; &quot;Der Privatstrand&quot; weiterlesen\" \/>\n<meta property=\"og:url\" content=\"https:\/\/www.ferienhaus-campodoro.ch\/index.php\/privatstrand\/\" \/>\n<meta property=\"og:site_name\" content=\"Campo d&#039;Oro\" \/>\n<meta property=\"article:modified_time\" content=\"2026-03-02T12:43:54+00:00\" \/>\n<meta property=\"og:image\" content=\"https:\/\/www.ferienhaus-campodoro.ch\/wp-content\/uploads\/2019\/05\/15.jpg\" \/>\n\t<meta property=\"og:image:width\" content=\"1280\" \/>\n\t<meta property=\"og:image:height\" content=\"960\" \/>\n\t<meta property=\"og:image:type\" content=\"image\/jpeg\" \/>\n<meta name=\"twitter:card\" content=\"summary_large_image\" \/>\n<meta name=\"twitter:label1\" content=\"Gesch\u00e4tzte Lesezeit\" \/>\n\t<meta name=\"twitter:data1\" content=\"1\u00a0Minute\" \/>\n<script type=\"application\/ld+json\" class=\"yoast-schema-graph\">{\"@context\":\"https:\\\/\\\/schema.org\",\"@graph\":[{\"@type\":\"WebPage\",\"@id\":\"https:\\\/\\\/www.ferienhaus-campodoro.ch\\\/index.php\\\/privatstrand\\\/\",\"url\":\"https:\\\/\\\/www.ferienhaus-campodoro.ch\\\/index.php\\\/privatstrand\\\/\",\"name\":\"Der Privatstrand - Campo d&#039;Oro\",\"isPartOf\":{\"@id\":\"https:\\\/\\\/www.ferienhaus-campodoro.ch\\\/#website\"},\"datePublished\":\"2019-03-21T05:08:18+00:00\",\"dateModified\":\"2026-03-02T12:43:54+00:00\",\"breadcrumb\":{\"@id\":\"https:\\\/\\\/www.ferienhaus-campodoro.ch\\\/index.php\\\/privatstrand\\\/#breadcrumb\"},\"inLanguage\":\"de-CH\",\"potentialAction\":[{\"@type\":\"ReadAction\",\"target\":[\"https:\\\/\\\/www.ferienhaus-campodoro.ch\\\/index.php\\\/privatstrand\\\/\"]}]},{\"@type\":\"BreadcrumbList\",\"@id\":\"https:\\\/\\\/www.ferienhaus-campodoro.ch\\\/index.php\\\/privatstrand\\\/#breadcrumb\",\"itemListElement\":[{\"@type\":\"ListItem\",\"position\":1,\"name\":\"Home\",\"item\":\"https:\\\/\\\/www.ferienhaus-campodoro.ch\\\/\"},{\"@type\":\"ListItem\",\"position\":2,\"name\":\"Der Privatstrand\"}]},{\"@type\":\"WebSite\",\"@id\":\"https:\\\/\\\/www.ferienhaus-campodoro.ch\\\/#website\",\"url\":\"https:\\\/\\\/www.ferienhaus-campodoro.ch\\\/\",\"name\":\"Ferienhaus Campo d'Oro\",\"description\":\"Ferienhaus mit Privatstrand am Luganersee mieten\",\"publisher\":{\"@id\":\"https:\\\/\\\/www.ferienhaus-campodoro.ch\\\/#organization\"},\"alternateName\":\"Camp d'Oro\",\"potentialAction\":[{\"@type\":\"SearchAction\",\"target\":{\"@type\":\"EntryPoint\",\"urlTemplate\":\"https:\\\/\\\/www.ferienhaus-campodoro.ch\\\/?s={search_term_string}\"},\"query-input\":{\"@type\":\"PropertyValueSpecification\",\"valueRequired\":true,\"valueName\":\"search_term_string\"}}],\"inLanguage\":\"de-CH\"},{\"@type\":\"Organization\",\"@id\":\"https:\\\/\\\/www.ferienhaus-campodoro.ch\\\/#organization\",\"name\":\"Ferienhaus Campo d'Oro\",\"alternateName\":\"Ferienhaus mit Seezugang\",\"url\":\"https:\\\/\\\/www.ferienhaus-campodoro.ch\\\/\",\"logo\":{\"@type\":\"ImageObject\",\"inLanguage\":\"de-CH\",\"@id\":\"https:\\\/\\\/www.ferienhaus-campodoro.ch\\\/#\\\/schema\\\/logo\\\/image\\\/\",\"url\":\"https:\\\/\\\/www.ferienhaus-campodoro.ch\\\/wp-content\\\/uploads\\\/2019\\\/03\\\/2019-03-03-17.37.31-e1552998004878-1024x768.jpg\",\"contentUrl\":\"https:\\\/\\\/www.ferienhaus-campodoro.ch\\\/wp-content\\\/uploads\\\/2019\\\/03\\\/2019-03-03-17.37.31-e1552998004878-1024x768.jpg\",\"width\":1024,\"height\":768,\"caption\":\"Ferienhaus Campo d'Oro\"},\"image\":{\"@id\":\"https:\\\/\\\/www.ferienhaus-campodoro.ch\\\/#\\\/schema\\\/logo\\\/image\\\/\"},\"email\":\"info@ferienhaus-campodoro.ch\",\"telephone\":\"+41 79 207 98 57\"}]}<\/script>\n<!-- \/ Yoast SEO Premium plugin. -->","yoast_head_json":{"title":"Der Privatstrand - Campo d&#039;Oro","robots":{"index":"index","follow":"follow","max-snippet":"max-snippet:-1","max-image-preview":"max-image-preview:large","max-video-preview":"max-video-preview:-1"},"canonical":"https:\/\/www.ferienhaus-campodoro.ch\/index.php\/privatstrand\/","og_locale":"de_DE","og_type":"article","og_title":"Der Privatstrand","og_description":"Der Privatstrand Das Ferienhaus Campo d&#8217;Oro verf\u00fcgt \u00fcber einen\u00a0 exklusiven, nur f\u00fcr Sie zug\u00e4nglichen Privatstrand. Dieser ist nur wenige Meter vom Haus entfernt und nur durch eine Strasse vom Grundst\u00fcck getrennt. Verbringen Sie unbeschwerte Stunden direkt am Luganersee mit Blick nach Italien. Eine Idylle direkt am Luganersee Holzdeck mit Sitz- und Liegem\u00f6glichkeiten Ruderboot am Privatstrand &hellip; \"Der Privatstrand\" weiterlesen","og_url":"https:\/\/www.ferienhaus-campodoro.ch\/index.php\/privatstrand\/","og_site_name":"Campo d&#039;Oro","article_modified_time":"2026-03-02T12:43:54+00:00","og_image":[{"width":1280,"height":960,"url":"https:\/\/www.ferienhaus-campodoro.ch\/wp-content\/uploads\/2019\/05\/15.jpg","type":"image\/jpeg"}],"twitter_card":"summary_large_image","twitter_misc":{"Gesch\u00e4tzte Lesezeit":"1\u00a0Minute"},"schema":{"@context":"https:\/\/schema.org","@graph":[{"@type":"WebPage","@id":"https:\/\/www.ferienhaus-campodoro.ch\/index.php\/privatstrand\/","url":"https:\/\/www.ferienhaus-campodoro.ch\/index.php\/privatstrand\/","name":"Der Privatstrand - Campo d&#039;Oro","isPartOf":{"@id":"https:\/\/www.ferienhaus-campodoro.ch\/#website"},"datePublished":"2019-03-21T05:08:18+00:00","dateModified":"2026-03-02T12:43:54+00:00","breadcrumb":{"@id":"https:\/\/www.ferienhaus-campodoro.ch\/index.php\/privatstrand\/#breadcrumb"},"inLanguage":"de-CH","potentialAction":[{"@type":"ReadAction","target":["https:\/\/www.ferienhaus-campodoro.ch\/index.php\/privatstrand\/"]}]},{"@type":"BreadcrumbList","@id":"https:\/\/www.ferienhaus-campodoro.ch\/index.php\/privatstrand\/#breadcrumb","itemListElement":[{"@type":"ListItem","position":1,"name":"Home","item":"https:\/\/www.ferienhaus-campodoro.ch\/"},{"@type":"ListItem","position":2,"name":"Der Privatstrand"}]},{"@type":"WebSite","@id":"https:\/\/www.ferienhaus-campodoro.ch\/#website","url":"https:\/\/www.ferienhaus-campodoro.ch\/","name":"Ferienhaus Campo d'Oro","description":"Ferienhaus mit Privatstrand am Luganersee mieten","publisher":{"@id":"https:\/\/www.ferienhaus-campodoro.ch\/#organization"},"alternateName":"Camp d'Oro","potentialAction":[{"@type":"SearchAction","target":{"@type":"EntryPoint","urlTemplate":"https:\/\/www.ferienhaus-campodoro.ch\/?s={search_term_string}"},"query-input":{"@type":"PropertyValueSpecification","valueRequired":true,"valueName":"search_term_string"}}],"inLanguage":"de-CH"},{"@type":"Organization","@id":"https:\/\/www.ferienhaus-campodoro.ch\/#organization","name":"Ferienhaus Campo d'Oro","alternateName":"Ferienhaus mit Seezugang","url":"https:\/\/www.ferienhaus-campodoro.ch\/","logo":{"@type":"ImageObject","inLanguage":"de-CH","@id":"https:\/\/www.ferienhaus-campodoro.ch\/#\/schema\/logo\/image\/","url":"https:\/\/www.ferienhaus-campodoro.ch\/wp-content\/uploads\/2019\/03\/2019-03-03-17.37.31-e1552998004878-1024x768.jpg","contentUrl":"https:\/\/www.ferienhaus-campodoro.ch\/wp-content\/uploads\/2019\/03\/2019-03-03-17.37.31-e1552998004878-1024x768.jpg","width":1024,"height":768,"caption":"Ferienhaus Campo d'Oro"},"image":{"@id":"https:\/\/www.ferienhaus-campodoro.ch\/#\/schema\/logo\/image\/"},"email":"info@ferienhaus-campodoro.ch","telephone":"+41 79 207 98 57"}]}},"_links":{"self":[{"href":"https:\/\/www.ferienhaus-campodoro.ch\/index.php\/wp-json\/wp\/v2\/pages\/110","targetHints":{"allow":["GET"]}}],"collection":[{"href":"https:\/\/www.ferienhaus-campodoro.ch\/index.php\/wp-json\/wp\/v2\/pages"}],"about":[{"href":"https:\/\/www.ferienhaus-campodoro.ch\/index.php\/wp-json\/wp\/v2\/types\/page"}],"author":[{"embeddable":true,"href":"https:\/\/www.ferienhaus-campodoro.ch\/index.php\/wp-json\/wp\/v2\/users\/1"}],"replies":[{"embeddable":true,"href":"https:\/\/www.ferienhaus-campodoro.ch\/index.php\/wp-json\/wp\/v2\/comments?post=110"}],"version-history":[{"count":51,"href":"https:\/\/www.ferienhaus-campodoro.ch\/index.php\/wp-json\/wp\/v2\/pages\/110\/revisions"}],"predecessor-version":[{"id":1577,"href":"https:\/\/www.ferienhaus-campodoro.ch\/index.php\/wp-json\/wp\/v2\/pages\/110\/revisions\/1577"}],"wp:attachment":[{"href":"https:\/\/www.ferienhaus-campodoro.ch\/index.php\/wp-json\/wp\/v2\/media?parent=110"}],"curies":[{"name":"wp","href":"https:\/\/api.w.org\/{rel}","templated":true}]}}