{"id":474,"date":"2019-04-09T04:31:39","date_gmt":"2019-04-09T04:31:39","guid":{"rendered":"http:\/\/www.ferienhaus-campodoro.ch\/?page_id=474"},"modified":"2025-03-19T11:25:36","modified_gmt":"2025-03-19T10:25:36","slug":"ausflugsmoeglichkeiten","status":"publish","type":"page","link":"https:\/\/www.ferienhaus-campodoro.ch\/index.php\/ausflugsmoeglichkeiten\/","title":{"rendered":"Ausflugsm\u00f6glichkeiten"},"content":{"rendered":"\t\t<div data-elementor-type=\"wp-post\" data-elementor-id=\"474\" class=\"elementor elementor-474\" data-elementor-post-type=\"page\">\n\t\t\t\t\t\t<section class=\"elementor-section elementor-top-section elementor-element elementor-element-5bef007 elementor-section-boxed elementor-section-height-default elementor-section-height-default\" data-id=\"5bef007\" data-element_type=\"section\" data-e-type=\"section\">\n\t\t\t\t\t\t<div class=\"elementor-container elementor-column-gap-default\">\n\t\t\t\t\t<div class=\"elementor-column elementor-col-100 elementor-top-column elementor-element elementor-element-e8d767e\" data-id=\"e8d767e\" data-element_type=\"column\" data-e-type=\"column\">\n\t\t\t<div class=\"elementor-widget-wrap elementor-element-populated\">\n\t\t\t\t\t\t<div class=\"elementor-element elementor-element-2389572 elementor-widget elementor-widget-heading\" data-id=\"2389572\" data-element_type=\"widget\" data-e-type=\"widget\" data-widget_type=\"heading.default\">\n\t\t\t\t<div class=\"elementor-widget-container\">\n\t\t\t\t\t<h2 class=\"elementor-heading-title elementor-size-default\">Ausflugsm\u00f6glichkeiten rund um das Ferienhaus Campo d'Oro<\/h2>\t\t\t\t<\/div>\n\t\t\t\t<\/div>\n\t\t\t\t\t<\/div>\n\t\t<\/div>\n\t\t\t\t\t<\/div>\n\t\t<\/section>\n\t\t\t\t<section class=\"elementor-section elementor-top-section elementor-element elementor-element-547f352 elementor-section-boxed elementor-section-height-default elementor-section-height-default\" data-id=\"547f352\" data-element_type=\"section\" data-e-type=\"section\">\n\t\t\t\t\t\t<div class=\"elementor-container elementor-column-gap-default\">\n\t\t\t\t\t<div class=\"elementor-column elementor-col-25 elementor-top-column elementor-element elementor-element-20b08ef\" data-id=\"20b08ef\" data-element_type=\"column\" data-e-type=\"column\">\n\t\t\t<div class=\"elementor-widget-wrap elementor-element-populated\">\n\t\t\t\t\t\t<div class=\"elementor-element elementor-element-52da70d elementor-widget elementor-widget-wp-widget-media_image\" data-id=\"52da70d\" data-element_type=\"widget\" data-e-type=\"widget\" data-widget_type=\"wp-widget-media_image.default\">\n\t\t\t\t<div class=\"elementor-widget-container\">\n\t\t\t\t\t<h5>Lugano LAC<\/h5><a href=\"https:\/\/www.luganolac.ch\/\" target=\"_blank\"><img fetchpriority=\"high\" decoding=\"async\" width=\"300\" height=\"200\" src=\"https:\/\/www.ferienhaus-campodoro.ch\/wp-content\/uploads\/2019\/04\/Lugano-LAC-\u00a9-Milo-Zanecchia-300x200.jpg\" class=\"image wp-image-588  attachment-medium size-medium\" alt=\"\" style=\"max-width: 100%; height: auto;\" title=\"Lugano LAC\" srcset=\"https:\/\/www.ferienhaus-campodoro.ch\/wp-content\/uploads\/2019\/04\/Lugano-LAC-\u00a9-Milo-Zanecchia-300x200.jpg 300w, https:\/\/www.ferienhaus-campodoro.ch\/wp-content\/uploads\/2019\/04\/Lugano-LAC-\u00a9-Milo-Zanecchia-768x512.jpg 768w, https:\/\/www.ferienhaus-campodoro.ch\/wp-content\/uploads\/2019\/04\/Lugano-LAC-\u00a9-Milo-Zanecchia-1024x683.jpg 1024w, https:\/\/www.ferienhaus-campodoro.ch\/wp-content\/uploads\/2019\/04\/Lugano-LAC-\u00a9-Milo-Zanecchia-1568x1046.jpg 1568w, https:\/\/www.ferienhaus-campodoro.ch\/wp-content\/uploads\/2019\/04\/Lugano-LAC-\u00a9-Milo-Zanecchia.jpg 2000w\" sizes=\"100vw\" \/><\/a>\t\t\t\t<\/div>\n\t\t\t\t<\/div>\n\t\t\t\t\t<\/div>\n\t\t<\/div>\n\t\t\t\t<div class=\"elementor-column elementor-col-25 elementor-top-column elementor-element elementor-element-e3a1497\" data-id=\"e3a1497\" data-element_type=\"column\" data-e-type=\"column\">\n\t\t\t<div class=\"elementor-widget-wrap elementor-element-populated\">\n\t\t\t\t\t\t<div class=\"elementor-element elementor-element-623f7c0 elementor-widget elementor-widget-wp-widget-media_image\" data-id=\"623f7c0\" data-element_type=\"widget\" data-e-type=\"widget\" data-widget_type=\"wp-widget-media_image.default\">\n\t\t\t\t<div class=\"elementor-widget-container\">\n\t\t\t\t\t<h5>Swiss Miniatur<\/h5><a href=\"https:\/\/www.swissminiatur.ch\/swissminiatur\/\" target=\"_blank\"><img decoding=\"async\" width=\"300\" height=\"200\" src=\"https:\/\/www.ferienhaus-campodoro.ch\/wp-content\/uploads\/2019\/04\/Swiss-Miniatur-\u00a9-Milo-Zanecchia-300x200.jpg\" class=\"image wp-image-595  attachment-medium size-medium\" alt=\"Swiss Miniatur\" style=\"max-width: 100%; height: auto;\" title=\"Swiss Miniatur\" srcset=\"https:\/\/www.ferienhaus-campodoro.ch\/wp-content\/uploads\/2019\/04\/Swiss-Miniatur-\u00a9-Milo-Zanecchia-300x200.jpg 300w, https:\/\/www.ferienhaus-campodoro.ch\/wp-content\/uploads\/2019\/04\/Swiss-Miniatur-\u00a9-Milo-Zanecchia-768x512.jpg 768w, https:\/\/www.ferienhaus-campodoro.ch\/wp-content\/uploads\/2019\/04\/Swiss-Miniatur-\u00a9-Milo-Zanecchia-1024x682.jpg 1024w, https:\/\/www.ferienhaus-campodoro.ch\/wp-content\/uploads\/2019\/04\/Swiss-Miniatur-\u00a9-Milo-Zanecchia-1568x1045.jpg 1568w, https:\/\/www.ferienhaus-campodoro.ch\/wp-content\/uploads\/2019\/04\/Swiss-Miniatur-\u00a9-Milo-Zanecchia.jpg 2000w\" sizes=\"100vw\" \/><\/a>\t\t\t\t<\/div>\n\t\t\t\t<\/div>\n\t\t\t\t\t<\/div>\n\t\t<\/div>\n\t\t\t\t<div class=\"elementor-column elementor-col-25 elementor-top-column elementor-element elementor-element-adf95cd\" data-id=\"adf95cd\" data-element_type=\"column\" data-e-type=\"column\">\n\t\t\t<div class=\"elementor-widget-wrap elementor-element-populated\">\n\t\t\t\t\t\t<div class=\"elementor-element elementor-element-21fdd2c elementor-widget elementor-widget-wp-widget-media_image\" data-id=\"21fdd2c\" data-element_type=\"widget\" data-e-type=\"widget\" data-widget_type=\"wp-widget-media_image.default\">\n\t\t\t\t<div class=\"elementor-widget-container\">\n\t\t\t\t\t<h5>Monte Generoso<\/h5><a href=\"https:\/\/www.montegeneroso.ch\/de\" target=\"_blank\"><img decoding=\"async\" width=\"300\" height=\"200\" src=\"https:\/\/www.ferienhaus-campodoro.ch\/wp-content\/uploads\/2019\/04\/Panoramablick-vom-Monte-Generoso-\u00a9-DigitalFlow-300x200.jpg\" class=\"image wp-image-593  attachment-medium size-medium\" alt=\"Monte Generoso\" style=\"max-width: 100%; height: auto;\" title=\"Monte Generoso\" srcset=\"https:\/\/www.ferienhaus-campodoro.ch\/wp-content\/uploads\/2019\/04\/Panoramablick-vom-Monte-Generoso-\u00a9-DigitalFlow-300x200.jpg 300w, https:\/\/www.ferienhaus-campodoro.ch\/wp-content\/uploads\/2019\/04\/Panoramablick-vom-Monte-Generoso-\u00a9-DigitalFlow-768x512.jpg 768w, https:\/\/www.ferienhaus-campodoro.ch\/wp-content\/uploads\/2019\/04\/Panoramablick-vom-Monte-Generoso-\u00a9-DigitalFlow-1024x683.jpg 1024w, https:\/\/www.ferienhaus-campodoro.ch\/wp-content\/uploads\/2019\/04\/Panoramablick-vom-Monte-Generoso-\u00a9-DigitalFlow-1568x1045.jpg 1568w, https:\/\/www.ferienhaus-campodoro.ch\/wp-content\/uploads\/2019\/04\/Panoramablick-vom-Monte-Generoso-\u00a9-DigitalFlow.jpg 1920w\" sizes=\"100vw\" \/><\/a>\t\t\t\t<\/div>\n\t\t\t\t<\/div>\n\t\t\t\t\t<\/div>\n\t\t<\/div>\n\t\t\t\t<div class=\"elementor-column elementor-col-25 elementor-top-column elementor-element elementor-element-6afe0a4\" data-id=\"6afe0a4\" data-element_type=\"column\" data-e-type=\"column\">\n\t\t\t<div class=\"elementor-widget-wrap elementor-element-populated\">\n\t\t\t\t\t\t<div class=\"elementor-element elementor-element-57e48fd elementor-widget elementor-widget-wp-widget-media_image\" data-id=\"57e48fd\" data-element_type=\"widget\" data-e-type=\"widget\" data-widget_type=\"wp-widget-media_image.default\">\n\t\t\t\t<div class=\"elementor-widget-container\">\n\t\t\t\t\t<h5>Monte Br\u00e9<\/h5><a href=\"http:\/\/www.montebre.ch\/\" target=\"_blank\"><img loading=\"lazy\" decoding=\"async\" width=\"300\" height=\"200\" src=\"https:\/\/www.ferienhaus-campodoro.ch\/wp-content\/uploads\/2019\/04\/Panoramablick-vom-Monte-Br\u00e8-\u00a9-Milo-Zanecchia-300x200.jpg\" class=\"image wp-image-592  attachment-medium size-medium\" alt=\"Monte Br\u00e8\" style=\"max-width: 100%; height: auto;\" title=\"Monte Br\u00e9\" srcset=\"https:\/\/www.ferienhaus-campodoro.ch\/wp-content\/uploads\/2019\/04\/Panoramablick-vom-Monte-Br\u00e8-\u00a9-Milo-Zanecchia-300x200.jpg 300w, https:\/\/www.ferienhaus-campodoro.ch\/wp-content\/uploads\/2019\/04\/Panoramablick-vom-Monte-Br\u00e8-\u00a9-Milo-Zanecchia-768x512.jpg 768w, https:\/\/www.ferienhaus-campodoro.ch\/wp-content\/uploads\/2019\/04\/Panoramablick-vom-Monte-Br\u00e8-\u00a9-Milo-Zanecchia-1024x683.jpg 1024w, https:\/\/www.ferienhaus-campodoro.ch\/wp-content\/uploads\/2019\/04\/Panoramablick-vom-Monte-Br\u00e8-\u00a9-Milo-Zanecchia-1568x1046.jpg 1568w, https:\/\/www.ferienhaus-campodoro.ch\/wp-content\/uploads\/2019\/04\/Panoramablick-vom-Monte-Br\u00e8-\u00a9-Milo-Zanecchia.jpg 2000w\" sizes=\"100vw\" \/><\/a>\t\t\t\t<\/div>\n\t\t\t\t<\/div>\n\t\t\t\t\t<\/div>\n\t\t<\/div>\n\t\t\t\t\t<\/div>\n\t\t<\/section>\n\t\t\t\t<section class=\"elementor-section elementor-top-section elementor-element elementor-element-433fe64 elementor-section-boxed elementor-section-height-default elementor-section-height-default\" data-id=\"433fe64\" data-element_type=\"section\" data-e-type=\"section\">\n\t\t\t\t\t\t<div class=\"elementor-container elementor-column-gap-default\">\n\t\t\t\t\t<div class=\"elementor-column elementor-col-25 elementor-top-column elementor-element elementor-element-2dcd478\" data-id=\"2dcd478\" data-element_type=\"column\" data-e-type=\"column\">\n\t\t\t<div class=\"elementor-widget-wrap elementor-element-populated\">\n\t\t\t\t\t\t<div class=\"elementor-element elementor-element-afcff38 elementor-widget elementor-widget-wp-widget-media_image\" data-id=\"afcff38\" data-element_type=\"widget\" data-e-type=\"widget\" data-widget_type=\"wp-widget-media_image.default\">\n\t\t\t\t<div class=\"elementor-widget-container\">\n\t\t\t\t\t<h5>Monte San Salvatore<\/h5><a href=\"https:\/\/www.montesansalvatore.ch\/de\/\" target=\"_blank\"><img loading=\"lazy\" decoding=\"async\" width=\"300\" height=\"200\" src=\"https:\/\/www.ferienhaus-campodoro.ch\/wp-content\/uploads\/2019\/04\/Panoramablick-vom-Monte-San-Salvatore-\u00a9-Milo-Zanecchia-300x200.jpg\" class=\"image wp-image-594  attachment-medium size-medium\" alt=\"Monte San Salvatore\" style=\"max-width: 100%; height: auto;\" title=\"Monte San Salvatore\" srcset=\"https:\/\/www.ferienhaus-campodoro.ch\/wp-content\/uploads\/2019\/04\/Panoramablick-vom-Monte-San-Salvatore-\u00a9-Milo-Zanecchia-300x200.jpg 300w, https:\/\/www.ferienhaus-campodoro.ch\/wp-content\/uploads\/2019\/04\/Panoramablick-vom-Monte-San-Salvatore-\u00a9-Milo-Zanecchia-768x512.jpg 768w, https:\/\/www.ferienhaus-campodoro.ch\/wp-content\/uploads\/2019\/04\/Panoramablick-vom-Monte-San-Salvatore-\u00a9-Milo-Zanecchia-1024x683.jpg 1024w, https:\/\/www.ferienhaus-campodoro.ch\/wp-content\/uploads\/2019\/04\/Panoramablick-vom-Monte-San-Salvatore-\u00a9-Milo-Zanecchia-1568x1046.jpg 1568w, https:\/\/www.ferienhaus-campodoro.ch\/wp-content\/uploads\/2019\/04\/Panoramablick-vom-Monte-San-Salvatore-\u00a9-Milo-Zanecchia.jpg 2000w\" sizes=\"100vw\" \/><\/a>\t\t\t\t<\/div>\n\t\t\t\t<\/div>\n\t\t\t\t\t<\/div>\n\t\t<\/div>\n\t\t\t\t<div class=\"elementor-column elementor-col-25 elementor-top-column elementor-element elementor-element-4e0c090\" data-id=\"4e0c090\" data-element_type=\"column\" data-e-type=\"column\">\n\t\t\t<div class=\"elementor-widget-wrap elementor-element-populated\">\n\t\t\t\t\t\t<div class=\"elementor-element elementor-element-af74bb1 elementor-widget elementor-widget-wp-widget-media_image\" data-id=\"af74bb1\" data-element_type=\"widget\" data-e-type=\"widget\" data-widget_type=\"wp-widget-media_image.default\">\n\t\t\t\t<div class=\"elementor-widget-container\">\n\t\t\t\t\t<h5>Zollmuseum Gandria<\/h5><a href=\"https:\/\/www.ezv.admin.ch\/ezv\/de\/home\/die-ezv\/zollmuseum-in-cantine-di-gandria--lugano.html\" target=\"_blank\"><img loading=\"lazy\" decoding=\"async\" width=\"300\" height=\"200\" src=\"https:\/\/www.ferienhaus-campodoro.ch\/wp-content\/uploads\/2019\/04\/Zollmuseum-Gandria-\u00a9-Milo-Zanecchia-300x200.jpg\" class=\"image wp-image-596  attachment-medium size-medium\" alt=\"Zollmuseum Gandria\" style=\"max-width: 100%; height: auto;\" title=\"Zollmuseum Gandria\" srcset=\"https:\/\/www.ferienhaus-campodoro.ch\/wp-content\/uploads\/2019\/04\/Zollmuseum-Gandria-\u00a9-Milo-Zanecchia-300x200.jpg 300w, https:\/\/www.ferienhaus-campodoro.ch\/wp-content\/uploads\/2019\/04\/Zollmuseum-Gandria-\u00a9-Milo-Zanecchia-768x512.jpg 768w, https:\/\/www.ferienhaus-campodoro.ch\/wp-content\/uploads\/2019\/04\/Zollmuseum-Gandria-\u00a9-Milo-Zanecchia-1024x683.jpg 1024w, https:\/\/www.ferienhaus-campodoro.ch\/wp-content\/uploads\/2019\/04\/Zollmuseum-Gandria-\u00a9-Milo-Zanecchia-1568x1046.jpg 1568w, https:\/\/www.ferienhaus-campodoro.ch\/wp-content\/uploads\/2019\/04\/Zollmuseum-Gandria-\u00a9-Milo-Zanecchia.jpg 2000w\" sizes=\"100vw\" \/><\/a>\t\t\t\t<\/div>\n\t\t\t\t<\/div>\n\t\t\t\t\t<\/div>\n\t\t<\/div>\n\t\t\t\t<div class=\"elementor-column elementor-col-25 elementor-top-column elementor-element elementor-element-9bac79f\" data-id=\"9bac79f\" data-element_type=\"column\" data-e-type=\"column\">\n\t\t\t<div class=\"elementor-widget-wrap elementor-element-populated\">\n\t\t\t\t\t\t<div class=\"elementor-element elementor-element-0f160f2 elementor-widget elementor-widget-wp-widget-media_image\" data-id=\"0f160f2\" data-element_type=\"widget\" data-e-type=\"widget\" data-widget_type=\"wp-widget-media_image.default\">\n\t\t\t\t<div class=\"elementor-widget-container\">\n\t\t\t\t\t<h5>Hermann Hesse Museum<\/h5><a href=\"http:\/\/hessemontagnola.ch\/\" target=\"_blank\"><img loading=\"lazy\" decoding=\"async\" width=\"300\" height=\"200\" src=\"https:\/\/www.ferienhaus-campodoro.ch\/wp-content\/uploads\/2019\/04\/Hermann-Hesse-Museum-\u00a9-Milo-Zanecchia-300x200.jpg\" class=\"image wp-image-597  attachment-medium size-medium\" alt=\"Hermann Hesse Museum\" style=\"max-width: 100%; height: auto;\" title=\"Hermann Hesse Museum\" srcset=\"https:\/\/www.ferienhaus-campodoro.ch\/wp-content\/uploads\/2019\/04\/Hermann-Hesse-Museum-\u00a9-Milo-Zanecchia-300x200.jpg 300w, https:\/\/www.ferienhaus-campodoro.ch\/wp-content\/uploads\/2019\/04\/Hermann-Hesse-Museum-\u00a9-Milo-Zanecchia-768x512.jpg 768w, https:\/\/www.ferienhaus-campodoro.ch\/wp-content\/uploads\/2019\/04\/Hermann-Hesse-Museum-\u00a9-Milo-Zanecchia-1024x682.jpg 1024w, https:\/\/www.ferienhaus-campodoro.ch\/wp-content\/uploads\/2019\/04\/Hermann-Hesse-Museum-\u00a9-Milo-Zanecchia-1568x1045.jpg 1568w, https:\/\/www.ferienhaus-campodoro.ch\/wp-content\/uploads\/2019\/04\/Hermann-Hesse-Museum-\u00a9-Milo-Zanecchia.jpg 2000w\" sizes=\"100vw\" \/><\/a>\t\t\t\t<\/div>\n\t\t\t\t<\/div>\n\t\t\t\t\t<\/div>\n\t\t<\/div>\n\t\t\t\t<div class=\"elementor-column elementor-col-25 elementor-top-column elementor-element elementor-element-140f038\" data-id=\"140f038\" data-element_type=\"column\" data-e-type=\"column\">\n\t\t\t<div class=\"elementor-widget-wrap elementor-element-populated\">\n\t\t\t\t\t\t<div class=\"elementor-element elementor-element-055d160 elementor-widget elementor-widget-wp-widget-media_image\" data-id=\"055d160\" data-element_type=\"widget\" data-e-type=\"widget\" data-widget_type=\"wp-widget-media_image.default\">\n\t\t\t\t<div class=\"elementor-widget-container\">\n\t\t\t\t\t<h5>Monte Tamaro<\/h5><a href=\"https:\/\/www.montetamaro.ch\/\" target=\"_blank\"><img loading=\"lazy\" decoding=\"async\" width=\"300\" height=\"200\" src=\"https:\/\/www.ferienhaus-campodoro.ch\/wp-content\/uploads\/2019\/04\/Monte-Tamaro-\u00a9-Exploratorio.ch_-300x200.jpg\" class=\"image wp-image-590  attachment-medium size-medium\" alt=\"Monte Tamaro\" style=\"max-width: 100%; height: auto;\" title=\"Monte Tamaro\" srcset=\"https:\/\/www.ferienhaus-campodoro.ch\/wp-content\/uploads\/2019\/04\/Monte-Tamaro-\u00a9-Exploratorio.ch_-300x200.jpg 300w, https:\/\/www.ferienhaus-campodoro.ch\/wp-content\/uploads\/2019\/04\/Monte-Tamaro-\u00a9-Exploratorio.ch_-768x512.jpg 768w, https:\/\/www.ferienhaus-campodoro.ch\/wp-content\/uploads\/2019\/04\/Monte-Tamaro-\u00a9-Exploratorio.ch_-1024x682.jpg 1024w, https:\/\/www.ferienhaus-campodoro.ch\/wp-content\/uploads\/2019\/04\/Monte-Tamaro-\u00a9-Exploratorio.ch_-1568x1045.jpg 1568w, https:\/\/www.ferienhaus-campodoro.ch\/wp-content\/uploads\/2019\/04\/Monte-Tamaro-\u00a9-Exploratorio.ch_.jpg 2000w\" sizes=\"100vw\" \/><\/a>\t\t\t\t<\/div>\n\t\t\t\t<\/div>\n\t\t\t\t\t<\/div>\n\t\t<\/div>\n\t\t\t\t\t<\/div>\n\t\t<\/section>\n\t\t\t\t<section class=\"elementor-section elementor-top-section elementor-element elementor-element-0458bd8 elementor-section-boxed elementor-section-height-default elementor-section-height-default\" data-id=\"0458bd8\" data-element_type=\"section\" data-e-type=\"section\">\n\t\t\t\t\t\t<div class=\"elementor-container elementor-column-gap-default\">\n\t\t\t\t\t<div class=\"elementor-column elementor-col-100 elementor-top-column elementor-element elementor-element-27e7023\" data-id=\"27e7023\" data-element_type=\"column\" data-e-type=\"column\">\n\t\t\t<div class=\"elementor-widget-wrap elementor-element-populated\">\n\t\t\t\t\t\t<div class=\"elementor-element elementor-element-8bd2c15 elementor-widget-divider--view-line elementor-widget elementor-widget-divider\" data-id=\"8bd2c15\" data-element_type=\"widget\" data-e-type=\"widget\" data-widget_type=\"divider.default\">\n\t\t\t\t<div class=\"elementor-widget-container\">\n\t\t\t\t\t\t\t<div class=\"elementor-divider\">\n\t\t\t<span class=\"elementor-divider-separator\">\n\t\t\t\t\t\t<\/span>\n\t\t<\/div>\n\t\t\t\t\t\t<\/div>\n\t\t\t\t<\/div>\n\t\t\t\t\t<\/div>\n\t\t<\/div>\n\t\t\t\t\t<\/div>\n\t\t<\/section>\n\t\t\t\t<section class=\"elementor-section elementor-top-section elementor-element elementor-element-fba7f82 elementor-section-boxed elementor-section-height-default elementor-section-height-default\" data-id=\"fba7f82\" data-element_type=\"section\" data-e-type=\"section\">\n\t\t\t\t\t\t<div class=\"elementor-container elementor-column-gap-default\">\n\t\t\t\t\t<div class=\"elementor-column elementor-col-100 elementor-top-column elementor-element elementor-element-bccc1e4\" data-id=\"bccc1e4\" data-element_type=\"column\" data-e-type=\"column\">\n\t\t\t<div class=\"elementor-widget-wrap elementor-element-populated\">\n\t\t\t\t\t\t<div class=\"elementor-element elementor-element-45c9dc0 elementor-widget elementor-widget-text-editor\" data-id=\"45c9dc0\" data-element_type=\"widget\" data-e-type=\"widget\" data-widget_type=\"text-editor.default\">\n\t\t\t\t<div class=\"elementor-widget-container\">\n\t\t\t\t\t\t\t\t\t<p>Neben den oben beschriebenen Sehensw\u00fcrdigkeiten bietet das Tessin eine Vielzahl an Wanderungen, St\u00e4dtchen mit italienischem Flair und nat\u00fcrlich ein mediterranes Klima. Besuchen Sie auch folgende Orte, sie sind allemal einen Besuch wert:<\/p>\t\t\t\t\t\t\t\t<\/div>\n\t\t\t\t<\/div>\n\t\t\t\t\t<\/div>\n\t\t<\/div>\n\t\t\t\t\t<\/div>\n\t\t<\/section>\n\t\t\t\t<section class=\"elementor-section elementor-top-section elementor-element elementor-element-64b8e89 elementor-section-boxed elementor-section-height-default elementor-section-height-default\" data-id=\"64b8e89\" data-element_type=\"section\" data-e-type=\"section\">\n\t\t\t\t\t\t<div class=\"elementor-container elementor-column-gap-default\">\n\t\t\t\t\t<div class=\"elementor-column elementor-col-100 elementor-top-column elementor-element elementor-element-332ccaf\" data-id=\"332ccaf\" data-element_type=\"column\" data-e-type=\"column\">\n\t\t\t<div class=\"elementor-widget-wrap elementor-element-populated\">\n\t\t\t\t\t\t<div class=\"elementor-element elementor-element-b8db9e4 elementor-tabs-view-horizontal elementor-widget elementor-widget-tabs\" data-id=\"b8db9e4\" data-element_type=\"widget\" data-e-type=\"widget\" data-widget_type=\"tabs.default\">\n\t\t\t\t<div class=\"elementor-widget-container\">\n\t\t\t\t\t\t\t<div class=\"elementor-tabs\">\n\t\t\t<div class=\"elementor-tabs-wrapper\" role=\"tablist\" >\n\t\t\t\t\t\t\t\t\t<div id=\"elementor-tab-title-1931\" class=\"elementor-tab-title elementor-tab-desktop-title\" aria-selected=\"true\" data-tab=\"1\" role=\"tab\" tabindex=\"0\" aria-controls=\"elementor-tab-content-1931\" aria-expanded=\"false\">Markt in Ponte Tresa<\/div>\n\t\t\t\t\t\t\t\t\t<div id=\"elementor-tab-title-1932\" class=\"elementor-tab-title elementor-tab-desktop-title\" aria-selected=\"false\" data-tab=\"2\" role=\"tab\" tabindex=\"-1\" aria-controls=\"elementor-tab-content-1932\" aria-expanded=\"false\">Markt in Luino<\/div>\n\t\t\t\t\t\t\t\t\t<div id=\"elementor-tab-title-1933\" class=\"elementor-tab-title elementor-tab-desktop-title\" aria-selected=\"false\" data-tab=\"3\" role=\"tab\" tabindex=\"-1\" aria-controls=\"elementor-tab-content-1933\" aria-expanded=\"false\">Museum Vincenco Vela<\/div>\n\t\t\t\t\t\t\t\t\t<div id=\"elementor-tab-title-1934\" class=\"elementor-tab-title elementor-tab-desktop-title\" aria-selected=\"false\" data-tab=\"4\" role=\"tab\" tabindex=\"-1\" aria-controls=\"elementor-tab-content-1934\" aria-expanded=\"false\">Morcote mit dem ber\u00fchmten Friedhof<\/div>\n\t\t\t\t\t\t\t\t\t<div id=\"elementor-tab-title-1935\" class=\"elementor-tab-title elementor-tab-desktop-title\" aria-selected=\"false\" data-tab=\"5\" role=\"tab\" tabindex=\"-1\" aria-controls=\"elementor-tab-content-1935\" aria-expanded=\"false\">St\u00e4dte der Umgebung<\/div>\n\t\t\t\t\t\t\t<\/div>\n\t\t\t<div class=\"elementor-tabs-content-wrapper\" role=\"tablist\" aria-orientation=\"vertical\">\n\t\t\t\t\t\t\t\t\t<div class=\"elementor-tab-title elementor-tab-mobile-title\" aria-selected=\"true\" data-tab=\"1\" role=\"tab\" tabindex=\"0\" aria-controls=\"elementor-tab-content-1931\" aria-expanded=\"false\">Markt in Ponte Tresa<\/div>\n\t\t\t\t\t<div id=\"elementor-tab-content-1931\" class=\"elementor-tab-content elementor-clearfix\" data-tab=\"1\" role=\"tabpanel\" aria-labelledby=\"elementor-tab-title-1931\" tabindex=\"0\" hidden=\"false\"><p>Der Wochenmarkt in Ponte Tresa (Italien) findet jeden Samstag statt. Weitere Informationen finden Sie <a href=\"https:\/\/www.ticino.ch\/de\/commons\/details\/Markt-von-Lavena-Ponte-Tresa-Italien-\/2916.html\">hier<\/a>.<\/p><\/div>\n\t\t\t\t\t\t\t\t\t<div class=\"elementor-tab-title elementor-tab-mobile-title\" aria-selected=\"false\" data-tab=\"2\" role=\"tab\" tabindex=\"-1\" aria-controls=\"elementor-tab-content-1932\" aria-expanded=\"false\">Markt in Luino<\/div>\n\t\t\t\t\t<div id=\"elementor-tab-content-1932\" class=\"elementor-tab-content elementor-clearfix\" data-tab=\"2\" role=\"tabpanel\" aria-labelledby=\"elementor-tab-title-1932\" tabindex=\"0\" hidden=\"hidden\"><p>Der Wochenmarkt in Luino (Italien)\u00a0 findet mittwochs statt und ist ein absolutes &#171;must see&#187; bei einem Besuch im Tessin. Weitere Informationen finden Sie <a href=\"https:\/\/www.ticino.ch\/de\/commons\/details\/Markt-von-Luino-Italien-\/2911.html\">hier<\/a>.<\/p><\/div>\n\t\t\t\t\t\t\t\t\t<div class=\"elementor-tab-title elementor-tab-mobile-title\" aria-selected=\"false\" data-tab=\"3\" role=\"tab\" tabindex=\"-1\" aria-controls=\"elementor-tab-content-1933\" aria-expanded=\"false\">Museum Vincenco Vela<\/div>\n\t\t\t\t\t<div id=\"elementor-tab-content-1933\" class=\"elementor-tab-content elementor-clearfix\" data-tab=\"3\" role=\"tabpanel\" aria-labelledby=\"elementor-tab-title-1933\" tabindex=\"0\" hidden=\"hidden\"><p>Vincenzo Vela (* 3. Mai 1820 in Ligornetto, Kanton Tessin; \u2020 3. Oktober 1891) war ein Schweizer Bildhauer des 19. Jahrhunderts und ein Hauptvertreter des Verismo.<\/p><p>Weitere Informationen zum Museum finden Sie <a href=\"https:\/\/www.museo-vela.ch\/vela\/de\/home.html\">hier<\/a>.<\/p><\/div>\n\t\t\t\t\t\t\t\t\t<div class=\"elementor-tab-title elementor-tab-mobile-title\" aria-selected=\"false\" data-tab=\"4\" role=\"tab\" tabindex=\"-1\" aria-controls=\"elementor-tab-content-1934\" aria-expanded=\"false\">Morcote mit dem ber\u00fchmten Friedhof<\/div>\n\t\t\t\t\t<div id=\"elementor-tab-content-1934\" class=\"elementor-tab-content elementor-clearfix\" data-tab=\"4\" role=\"tabpanel\" aria-labelledby=\"elementor-tab-title-1934\" tabindex=\"0\" hidden=\"hidden\"><p>Im \u00fcber dem See gelegenen terrassierten Monumentalfriedhof[9] mit seinen Gedenksteinen, Blumenbeeten und Zypressen haben zahlreiche K\u00fcnstler ihre letzte Ruhest\u00e4tte gefunden: Alexander Moissi (1879\u20131935), bestbezahlter B\u00fchnen-Schauspieler seiner Zeit, Georges Baklanoff (1881\u20131938), russischer Bariton, Georg Kaiser (1878\u20131945), deutscher Dramatiker, Eugen d\u2019Albert (1864\u20131932), deutscher Komponist und Pianist, und Kurt Feltz (1910\u20131982), deutscher Schlagertexter und Musikproduzent. Kirche und Friedhof erreicht man \u00fcber eine Abzweigung der kurvenreichen Stra\u00dfe, die vom See nach Vico Morcote und weiter Carona f\u00fchrt.<\/p><p>Weitere Informationen finden Sie <a href=\"http:\/\/morcoteturismo.ch\/de\/morcote\/was-es-zu-sehen-gibt\/der-monumentale-friedhof\/\">hier<\/a>.<\/p><\/div>\n\t\t\t\t\t\t\t\t\t<div class=\"elementor-tab-title elementor-tab-mobile-title\" aria-selected=\"false\" data-tab=\"5\" role=\"tab\" tabindex=\"-1\" aria-controls=\"elementor-tab-content-1935\" aria-expanded=\"false\">St\u00e4dte der Umgebung<\/div>\n\t\t\t\t\t<div id=\"elementor-tab-content-1935\" class=\"elementor-tab-content elementor-clearfix\" data-tab=\"5\" role=\"tabpanel\" aria-labelledby=\"elementor-tab-title-1935\" tabindex=\"0\" hidden=\"hidden\"><p>Im Kanton Tessin finden Sie viele sehenswerte St\u00e4dte. Geniessen Sie einen Kaffee auf der Piazza Grande in <a style=\"outline-width: 0px !important; user-select: auto !important;\" href=\"https:\/\/www.myswitzerland.com\/de-ch\/locarno.html\">Locarno<\/a>, besuchen Sie die Festungsanlagen in <a href=\"https:\/\/www.myswitzerland.com\/de-ch\/bellinzona.html\">Bellinzona<\/a> oder die s\u00fcdl\u00e4ndische Seepromenade in <a href=\"https:\/\/www.myswitzerland.com\/de-ch\/ascona.html\">Ascona<\/a>.<\/p><p>Bei schlechtem Wetter bietet sich ein Kurztrip nach\u00a0<a href=\"https:\/\/de.wikipedia.org\/wiki\/Mailand\" target=\"_blank\" rel=\"noopener\">Mailand\u00a0<\/a>an. Am einfachsten gelangen Sie mit dem\u00a0<a href=\"https:\/\/www.sbb.ch\/de\/abos-billette\/billette-international\/italien.html\" target=\"_blank\" rel=\"noopener\">Zug\u00a0<\/a>dorthin.<\/p><\/div>\n\t\t\t\t\t\t\t<\/div>\n\t\t<\/div>\n\t\t\t\t\t\t<\/div>\n\t\t\t\t<\/div>\n\t\t\t\t\t<\/div>\n\t\t<\/div>\n\t\t\t\t\t<\/div>\n\t\t<\/section>\n\t\t\t\t<\/div>\n\t\t","protected":false},"excerpt":{"rendered":"<p>Ausflugsm\u00f6glichkeiten rund um das Ferienhaus Campo d&#8217;Oro Neben den oben beschriebenen Sehensw\u00fcrdigkeiten bietet das Tessin eine Vielzahl an Wanderungen, St\u00e4dtchen mit italienischem Flair und nat\u00fcrlich ein mediterranes Klima. Besuchen Sie auch folgende Orte, sie sind allemal einen Besuch wert: Markt in Ponte Tresa Markt in Luino Museum Vincenco Vela Morcote mit dem ber\u00fchmten Friedhof St\u00e4dte &hellip; <\/p>\n<p class=\"link-more\"><a href=\"https:\/\/www.ferienhaus-campodoro.ch\/index.php\/ausflugsmoeglichkeiten\/\" class=\"more-link\"><span class=\"screen-reader-text\">&#171;Ausflugsm\u00f6glichkeiten&#187;<\/span> weiterlesen<\/a><\/p>\n","protected":false},"author":1,"featured_media":0,"parent":0,"menu_order":0,"comment_status":"closed","ping_status":"closed","template":"elementor_header_footer","meta":{"footnotes":""},"class_list":["post-474","page","type-page","status-publish","hentry"],"yoast_head":"<!-- This site is optimized with the Yoast SEO Premium plugin v28.3 (Yoast SEO v28.3) - https:\/\/yoast.com\/product\/yoast-seo-premium-wordpress\/ -->\n<title>Ferienhaus mit Privatstrand am Luganersee<\/title>\n<meta name=\"description\" content=\"Das Ferienhaus mit Privatstrand am Luganersee. Unverbaute Seesicht und Privatsph\u00e4re. Wenige Kilometer von Lugano entfernt.\" \/>\n<meta name=\"robots\" content=\"index, follow, max-snippet:-1, max-image-preview:large, max-video-preview:-1\" \/>\n<link rel=\"canonical\" href=\"https:\/\/www.ferienhaus-campodoro.ch\/index.php\/ausflugsmoeglichkeiten\/\" \/>\n<meta property=\"og:locale\" content=\"de_DE\" \/>\n<meta property=\"og:type\" content=\"article\" \/>\n<meta property=\"og:title\" content=\"Ausflugsm\u00f6glichkeiten\" \/>\n<meta property=\"og:description\" content=\"Das Ferienhaus mit Privatstrand am Luganersee. Unverbaute Seesicht und Privatsph\u00e4re. Wenige Kilometer von Lugano entfernt.\" \/>\n<meta property=\"og:url\" content=\"https:\/\/www.ferienhaus-campodoro.ch\/index.php\/ausflugsmoeglichkeiten\/\" \/>\n<meta property=\"og:site_name\" content=\"Campo d&#039;Oro\" \/>\n<meta property=\"article:modified_time\" content=\"2025-03-19T10:25:36+00:00\" \/>\n<meta property=\"og:image\" content=\"https:\/\/www.ferienhaus-campodoro.ch\/wp-content\/uploads\/2019\/05\/15.jpg\" \/>\n\t<meta property=\"og:image:width\" content=\"1280\" \/>\n\t<meta property=\"og:image:height\" content=\"960\" \/>\n\t<meta property=\"og:image:type\" content=\"image\/jpeg\" \/>\n<meta name=\"twitter:card\" content=\"summary_large_image\" \/>\n<meta name=\"twitter:label1\" content=\"Gesch\u00e4tzte Lesezeit\" \/>\n\t<meta name=\"twitter:data1\" content=\"2\u00a0Minuten\" \/>\n<script type=\"application\/ld+json\" class=\"yoast-schema-graph\">{\"@context\":\"https:\\\/\\\/schema.org\",\"@graph\":[{\"@type\":\"WebPage\",\"@id\":\"https:\\\/\\\/www.ferienhaus-campodoro.ch\\\/index.php\\\/ausflugsmoeglichkeiten\\\/\",\"url\":\"https:\\\/\\\/www.ferienhaus-campodoro.ch\\\/index.php\\\/ausflugsmoeglichkeiten\\\/\",\"name\":\"Ferienhaus mit Privatstrand am Luganersee\",\"isPartOf\":{\"@id\":\"https:\\\/\\\/www.ferienhaus-campodoro.ch\\\/#website\"},\"datePublished\":\"2019-04-09T04:31:39+00:00\",\"dateModified\":\"2025-03-19T10:25:36+00:00\",\"description\":\"Das Ferienhaus mit Privatstrand am Luganersee. Unverbaute Seesicht und Privatsph\u00e4re. Wenige Kilometer von Lugano entfernt.\",\"breadcrumb\":{\"@id\":\"https:\\\/\\\/www.ferienhaus-campodoro.ch\\\/index.php\\\/ausflugsmoeglichkeiten\\\/#breadcrumb\"},\"inLanguage\":\"de-CH\",\"potentialAction\":[{\"@type\":\"ReadAction\",\"target\":[\"https:\\\/\\\/www.ferienhaus-campodoro.ch\\\/index.php\\\/ausflugsmoeglichkeiten\\\/\"]}]},{\"@type\":\"BreadcrumbList\",\"@id\":\"https:\\\/\\\/www.ferienhaus-campodoro.ch\\\/index.php\\\/ausflugsmoeglichkeiten\\\/#breadcrumb\",\"itemListElement\":[{\"@type\":\"ListItem\",\"position\":1,\"name\":\"Home\",\"item\":\"https:\\\/\\\/www.ferienhaus-campodoro.ch\\\/\"},{\"@type\":\"ListItem\",\"position\":2,\"name\":\"Ausflugsm\u00f6glichkeiten\"}]},{\"@type\":\"WebSite\",\"@id\":\"https:\\\/\\\/www.ferienhaus-campodoro.ch\\\/#website\",\"url\":\"https:\\\/\\\/www.ferienhaus-campodoro.ch\\\/\",\"name\":\"Ferienhaus Campo d'Oro\",\"description\":\"Ferienhaus mit Privatstrand am Luganersee mieten\",\"publisher\":{\"@id\":\"https:\\\/\\\/www.ferienhaus-campodoro.ch\\\/#organization\"},\"alternateName\":\"Camp d'Oro\",\"potentialAction\":[{\"@type\":\"SearchAction\",\"target\":{\"@type\":\"EntryPoint\",\"urlTemplate\":\"https:\\\/\\\/www.ferienhaus-campodoro.ch\\\/?s={search_term_string}\"},\"query-input\":{\"@type\":\"PropertyValueSpecification\",\"valueRequired\":true,\"valueName\":\"search_term_string\"}}],\"inLanguage\":\"de-CH\"},{\"@type\":\"Organization\",\"@id\":\"https:\\\/\\\/www.ferienhaus-campodoro.ch\\\/#organization\",\"name\":\"Ferienhaus Campo d'Oro\",\"alternateName\":\"Ferienhaus mit Seezugang\",\"url\":\"https:\\\/\\\/www.ferienhaus-campodoro.ch\\\/\",\"logo\":{\"@type\":\"ImageObject\",\"inLanguage\":\"de-CH\",\"@id\":\"https:\\\/\\\/www.ferienhaus-campodoro.ch\\\/#\\\/schema\\\/logo\\\/image\\\/\",\"url\":\"https:\\\/\\\/www.ferienhaus-campodoro.ch\\\/wp-content\\\/uploads\\\/2019\\\/03\\\/2019-03-03-17.37.31-e1552998004878-1024x768.jpg\",\"contentUrl\":\"https:\\\/\\\/www.ferienhaus-campodoro.ch\\\/wp-content\\\/uploads\\\/2019\\\/03\\\/2019-03-03-17.37.31-e1552998004878-1024x768.jpg\",\"width\":1024,\"height\":768,\"caption\":\"Ferienhaus Campo d'Oro\"},\"image\":{\"@id\":\"https:\\\/\\\/www.ferienhaus-campodoro.ch\\\/#\\\/schema\\\/logo\\\/image\\\/\"},\"email\":\"info@ferienhaus-campodoro.ch\",\"telephone\":\"+41 79 207 98 57\"}]}<\/script>\n<!-- \/ Yoast SEO Premium plugin. -->","yoast_head_json":{"title":"Ferienhaus mit Privatstrand am Luganersee","description":"Das Ferienhaus mit Privatstrand am Luganersee. Unverbaute Seesicht und Privatsph\u00e4re. Wenige Kilometer von Lugano entfernt.","robots":{"index":"index","follow":"follow","max-snippet":"max-snippet:-1","max-image-preview":"max-image-preview:large","max-video-preview":"max-video-preview:-1"},"canonical":"https:\/\/www.ferienhaus-campodoro.ch\/index.php\/ausflugsmoeglichkeiten\/","og_locale":"de_DE","og_type":"article","og_title":"Ausflugsm\u00f6glichkeiten","og_description":"Das Ferienhaus mit Privatstrand am Luganersee. Unverbaute Seesicht und Privatsph\u00e4re. Wenige Kilometer von Lugano entfernt.","og_url":"https:\/\/www.ferienhaus-campodoro.ch\/index.php\/ausflugsmoeglichkeiten\/","og_site_name":"Campo d&#039;Oro","article_modified_time":"2025-03-19T10:25:36+00:00","og_image":[{"width":1280,"height":960,"url":"https:\/\/www.ferienhaus-campodoro.ch\/wp-content\/uploads\/2019\/05\/15.jpg","type":"image\/jpeg"}],"twitter_card":"summary_large_image","twitter_misc":{"Gesch\u00e4tzte Lesezeit":"2\u00a0Minuten"},"schema":{"@context":"https:\/\/schema.org","@graph":[{"@type":"WebPage","@id":"https:\/\/www.ferienhaus-campodoro.ch\/index.php\/ausflugsmoeglichkeiten\/","url":"https:\/\/www.ferienhaus-campodoro.ch\/index.php\/ausflugsmoeglichkeiten\/","name":"Ferienhaus mit Privatstrand am Luganersee","isPartOf":{"@id":"https:\/\/www.ferienhaus-campodoro.ch\/#website"},"datePublished":"2019-04-09T04:31:39+00:00","dateModified":"2025-03-19T10:25:36+00:00","description":"Das Ferienhaus mit Privatstrand am Luganersee. Unverbaute Seesicht und Privatsph\u00e4re. Wenige Kilometer von Lugano entfernt.","breadcrumb":{"@id":"https:\/\/www.ferienhaus-campodoro.ch\/index.php\/ausflugsmoeglichkeiten\/#breadcrumb"},"inLanguage":"de-CH","potentialAction":[{"@type":"ReadAction","target":["https:\/\/www.ferienhaus-campodoro.ch\/index.php\/ausflugsmoeglichkeiten\/"]}]},{"@type":"BreadcrumbList","@id":"https:\/\/www.ferienhaus-campodoro.ch\/index.php\/ausflugsmoeglichkeiten\/#breadcrumb","itemListElement":[{"@type":"ListItem","position":1,"name":"Home","item":"https:\/\/www.ferienhaus-campodoro.ch\/"},{"@type":"ListItem","position":2,"name":"Ausflugsm\u00f6glichkeiten"}]},{"@type":"WebSite","@id":"https:\/\/www.ferienhaus-campodoro.ch\/#website","url":"https:\/\/www.ferienhaus-campodoro.ch\/","name":"Ferienhaus Campo d'Oro","description":"Ferienhaus mit Privatstrand am Luganersee mieten","publisher":{"@id":"https:\/\/www.ferienhaus-campodoro.ch\/#organization"},"alternateName":"Camp d'Oro","potentialAction":[{"@type":"SearchAction","target":{"@type":"EntryPoint","urlTemplate":"https:\/\/www.ferienhaus-campodoro.ch\/?s={search_term_string}"},"query-input":{"@type":"PropertyValueSpecification","valueRequired":true,"valueName":"search_term_string"}}],"inLanguage":"de-CH"},{"@type":"Organization","@id":"https:\/\/www.ferienhaus-campodoro.ch\/#organization","name":"Ferienhaus Campo d'Oro","alternateName":"Ferienhaus mit Seezugang","url":"https:\/\/www.ferienhaus-campodoro.ch\/","logo":{"@type":"ImageObject","inLanguage":"de-CH","@id":"https:\/\/www.ferienhaus-campodoro.ch\/#\/schema\/logo\/image\/","url":"https:\/\/www.ferienhaus-campodoro.ch\/wp-content\/uploads\/2019\/03\/2019-03-03-17.37.31-e1552998004878-1024x768.jpg","contentUrl":"https:\/\/www.ferienhaus-campodoro.ch\/wp-content\/uploads\/2019\/03\/2019-03-03-17.37.31-e1552998004878-1024x768.jpg","width":1024,"height":768,"caption":"Ferienhaus Campo d'Oro"},"image":{"@id":"https:\/\/www.ferienhaus-campodoro.ch\/#\/schema\/logo\/image\/"},"email":"info@ferienhaus-campodoro.ch","telephone":"+41 79 207 98 57"}]}},"_links":{"self":[{"href":"https:\/\/www.ferienhaus-campodoro.ch\/index.php\/wp-json\/wp\/v2\/pages\/474","targetHints":{"allow":["GET"]}}],"collection":[{"href":"https:\/\/www.ferienhaus-campodoro.ch\/index.php\/wp-json\/wp\/v2\/pages"}],"about":[{"href":"https:\/\/www.ferienhaus-campodoro.ch\/index.php\/wp-json\/wp\/v2\/types\/page"}],"author":[{"embeddable":true,"href":"https:\/\/www.ferienhaus-campodoro.ch\/index.php\/wp-json\/wp\/v2\/users\/1"}],"replies":[{"embeddable":true,"href":"https:\/\/www.ferienhaus-campodoro.ch\/index.php\/wp-json\/wp\/v2\/comments?post=474"}],"version-history":[{"count":79,"href":"https:\/\/www.ferienhaus-campodoro.ch\/index.php\/wp-json\/wp\/v2\/pages\/474\/revisions"}],"predecessor-version":[{"id":1197,"href":"https:\/\/www.ferienhaus-campodoro.ch\/index.php\/wp-json\/wp\/v2\/pages\/474\/revisions\/1197"}],"wp:attachment":[{"href":"https:\/\/www.ferienhaus-campodoro.ch\/index.php\/wp-json\/wp\/v2\/media?parent=474"}],"curies":[{"name":"wp","href":"https:\/\/api.w.org\/{rel}","templated":true}]}}