{"id":55,"date":"2019-03-20T05:36:59","date_gmt":"2019-03-20T05:36:59","guid":{"rendered":"http:\/\/www.ferienhaus-campodoro.ch\/?page_id=55"},"modified":"2025-01-27T15:07:18","modified_gmt":"2025-01-27T14:07:18","slug":"schlafzimmer","status":"publish","type":"page","link":"https:\/\/www.ferienhaus-campodoro.ch\/index.php\/schlafzimmer\/","title":{"rendered":"Die Schlafzimmer"},"content":{"rendered":"\t\t<div data-elementor-type=\"wp-post\" data-elementor-id=\"55\" class=\"elementor elementor-55\" data-elementor-post-type=\"page\">\n\t\t\t\t\t\t<section class=\"elementor-section elementor-top-section elementor-element elementor-element-efcbab8 elementor-section-boxed elementor-section-height-default elementor-section-height-default\" data-id=\"efcbab8\" data-element_type=\"section\" data-e-type=\"section\">\n\t\t\t\t\t\t<div class=\"elementor-container elementor-column-gap-default\">\n\t\t\t\t\t<div class=\"elementor-column elementor-col-100 elementor-top-column elementor-element elementor-element-9193941\" data-id=\"9193941\" data-element_type=\"column\" data-e-type=\"column\">\n\t\t\t<div class=\"elementor-widget-wrap elementor-element-populated\">\n\t\t\t\t\t\t<div class=\"elementor-element elementor-element-a4e311b elementor-widget elementor-widget-heading\" data-id=\"a4e311b\" data-element_type=\"widget\" data-e-type=\"widget\" data-widget_type=\"heading.default\">\n\t\t\t\t<div class=\"elementor-widget-container\">\n\t\t\t\t\t<h2 class=\"elementor-heading-title elementor-size-default\">Die Schlafzimmer<\/h2>\t\t\t\t<\/div>\n\t\t\t\t<\/div>\n\t\t\t\t<div class=\"elementor-element elementor-element-2beb4cc elementor-widget elementor-widget-text-editor\" data-id=\"2beb4cc\" data-element_type=\"widget\" data-e-type=\"widget\" data-widget_type=\"text-editor.default\">\n\t\t\t\t<div class=\"elementor-widget-container\">\n\t\t\t\t\t\t\t\t\t<p>Das Ferienhaus Campo d&#8217;Oro verf\u00fcgt insgesamt \u00fcber <strong>Schlafm\u00f6glichkeiten f\u00fcr 8 Personen.<\/strong> Den G\u00e4sten stehen vier Schlafzimmer zur Verf\u00fcgung.<\/p><p>Im Erdgeschoss befindet sich ein Elternschlafzimmer mit Doppelbett und direktem Zugang zum Badezimmer mit Badewanne. Ein Einzelzimmer mit Etagenbett runden das Angebot ab.<\/p><p>Im Untergeschoss (mit Tageslicht) befinden sich zwei weitere Schlafzimmer. Eines davon ist mit einem Doppelbett, das andere mit zwei Einzelbetten und einem Babybett (auf Anfrage) ausgestattet. Im Untergeschoss befindet sich zudem ein Badezimmer mit WC und Dusche sowie Waschmaschine und Trockner.<\/p>\t\t\t\t\t\t\t\t<\/div>\n\t\t\t\t<\/div>\n\t\t\t\t\t<\/div>\n\t\t<\/div>\n\t\t\t\t\t<\/div>\n\t\t<\/section>\n\t\t\t\t<section class=\"elementor-section elementor-top-section elementor-element elementor-element-ec41916 elementor-section-stretched elementor-section-full_width elementor-section-height-default elementor-section-height-default\" data-id=\"ec41916\" data-element_type=\"section\" data-e-type=\"section\" data-settings=\"{&quot;stretch_section&quot;:&quot;section-stretched&quot;,&quot;background_background&quot;:&quot;classic&quot;}\">\n\t\t\t\t\t\t<div class=\"elementor-container elementor-column-gap-no\">\n\t\t\t\t\t<div class=\"elementor-column elementor-col-100 elementor-top-column elementor-element elementor-element-f55c7c3\" data-id=\"f55c7c3\" data-element_type=\"column\" data-e-type=\"column\">\n\t\t\t<div class=\"elementor-widget-wrap elementor-element-populated\">\n\t\t\t\t\t\t<div class=\"elementor-element elementor-element-dc0cdd8 elementor-widget elementor-widget-heading\" data-id=\"dc0cdd8\" data-element_type=\"widget\" data-e-type=\"widget\" data-widget_type=\"heading.default\">\n\t\t\t\t<div class=\"elementor-widget-container\">\n\t\t\t\t\t<h2 class=\"elementor-heading-title elementor-size-default\">Doppelschlafzimmer im Erdgeschoss<\/h2>\t\t\t\t<\/div>\n\t\t\t\t<\/div>\n\t\t\t\t\t<\/div>\n\t\t<\/div>\n\t\t\t\t\t<\/div>\n\t\t<\/section>\n\t\t\t\t<section class=\"elementor-section elementor-top-section elementor-element elementor-element-260a5a7 elementor-section-stretched elementor-section-full_width elementor-section-height-default elementor-section-height-default\" data-id=\"260a5a7\" data-element_type=\"section\" data-e-type=\"section\" data-settings=\"{&quot;stretch_section&quot;:&quot;section-stretched&quot;,&quot;background_background&quot;:&quot;classic&quot;}\">\n\t\t\t\t\t\t<div class=\"elementor-container elementor-column-gap-no\">\n\t\t\t\t\t<div class=\"elementor-column elementor-col-100 elementor-top-column elementor-element elementor-element-49b8261\" data-id=\"49b8261\" data-element_type=\"column\" data-e-type=\"column\" data-settings=\"{&quot;background_background&quot;:&quot;classic&quot;}\">\n\t\t\t<div class=\"elementor-widget-wrap elementor-element-populated\">\n\t\t\t\t\t\t<div class=\"elementor-element elementor-element-57698c7 elementor-widget elementor-widget-heading\" data-id=\"57698c7\" data-element_type=\"widget\" data-e-type=\"widget\" data-widget_type=\"heading.default\">\n\t\t\t\t<div class=\"elementor-widget-container\">\n\t\t\t\t\t<h2 class=\"elementor-heading-title elementor-size-default\">Offene Galerie \u00fcber dem wohnzimmer mit zwei einzelbetten und sicht auf den see<\/h2>\t\t\t\t<\/div>\n\t\t\t\t<\/div>\n\t\t\t\t\t<\/div>\n\t\t<\/div>\n\t\t\t\t\t<\/div>\n\t\t<\/section>\n\t\t\t\t<section class=\"elementor-section elementor-top-section elementor-element elementor-element-bd38c00 elementor-section-stretched elementor-section-full_width elementor-section-height-default elementor-section-height-default\" data-id=\"bd38c00\" data-element_type=\"section\" data-e-type=\"section\" data-settings=\"{&quot;stretch_section&quot;:&quot;section-stretched&quot;,&quot;background_background&quot;:&quot;classic&quot;}\">\n\t\t\t\t\t\t<div class=\"elementor-container elementor-column-gap-no\">\n\t\t\t\t\t<div class=\"elementor-column elementor-col-100 elementor-top-column elementor-element elementor-element-bc91dbf\" data-id=\"bc91dbf\" data-element_type=\"column\" data-e-type=\"column\" data-settings=\"{&quot;background_background&quot;:&quot;classic&quot;}\">\n\t\t\t<div class=\"elementor-widget-wrap elementor-element-populated\">\n\t\t\t\t\t\t<div class=\"elementor-element elementor-element-e010d7c elementor-widget elementor-widget-heading\" data-id=\"e010d7c\" data-element_type=\"widget\" data-e-type=\"widget\" data-widget_type=\"heading.default\">\n\t\t\t\t<div class=\"elementor-widget-container\">\n\t\t\t\t\t<h2 class=\"elementor-heading-title elementor-size-default\">Doppelschlafzimmer im untergeschoss<\/h2>\t\t\t\t<\/div>\n\t\t\t\t<\/div>\n\t\t\t\t\t<\/div>\n\t\t<\/div>\n\t\t\t\t\t<\/div>\n\t\t<\/section>\n\t\t\t\t<section class=\"elementor-section elementor-top-section elementor-element elementor-element-3d866fe elementor-section-stretched elementor-section-full_width elementor-section-height-default elementor-section-height-default\" data-id=\"3d866fe\" data-element_type=\"section\" data-e-type=\"section\" data-settings=\"{&quot;stretch_section&quot;:&quot;section-stretched&quot;,&quot;background_background&quot;:&quot;classic&quot;}\">\n\t\t\t\t\t\t<div class=\"elementor-container elementor-column-gap-no\">\n\t\t\t\t\t<div class=\"elementor-column elementor-col-100 elementor-top-column elementor-element elementor-element-34f92c4\" data-id=\"34f92c4\" data-element_type=\"column\" data-e-type=\"column\" data-settings=\"{&quot;background_background&quot;:&quot;classic&quot;}\">\n\t\t\t<div class=\"elementor-widget-wrap elementor-element-populated\">\n\t\t\t\t\t\t<div class=\"elementor-element elementor-element-9b33212 elementor-widget elementor-widget-heading\" data-id=\"9b33212\" data-element_type=\"widget\" data-e-type=\"widget\" data-widget_type=\"heading.default\">\n\t\t\t\t<div class=\"elementor-widget-container\">\n\t\t\t\t\t<h2 class=\"elementor-heading-title elementor-size-default\">Schlafzimmer im Untergeschoss mit zwei einzelbetten<\/h2>\t\t\t\t<\/div>\n\t\t\t\t<\/div>\n\t\t\t\t\t<\/div>\n\t\t<\/div>\n\t\t\t\t\t<\/div>\n\t\t<\/section>\n\t\t\t\t<\/div>\n\t\t","protected":false},"excerpt":{"rendered":"<p>Die Schlafzimmer Das Ferienhaus Campo d&#8217;Oro verf\u00fcgt insgesamt \u00fcber Schlafm\u00f6glichkeiten f\u00fcr 8 Personen. Den G\u00e4sten stehen vier Schlafzimmer zur Verf\u00fcgung. Im Erdgeschoss befindet sich ein Elternschlafzimmer mit Doppelbett und direktem Zugang zum Badezimmer mit Badewanne. Ein Einzelzimmer mit Etagenbett runden das Angebot ab. Im Untergeschoss (mit Tageslicht) befinden sich zwei weitere Schlafzimmer. Eines davon ist &hellip; <\/p>\n<p class=\"link-more\"><a href=\"https:\/\/www.ferienhaus-campodoro.ch\/index.php\/schlafzimmer\/\" class=\"more-link\"><span class=\"screen-reader-text\">&#171;Die Schlafzimmer&#187;<\/span> weiterlesen<\/a><\/p>\n","protected":false},"author":1,"featured_media":0,"parent":0,"menu_order":0,"comment_status":"closed","ping_status":"closed","template":"elementor_header_footer","meta":{"footnotes":""},"class_list":["post-55","page","type-page","status-publish","hentry"],"yoast_head":"<!-- This site is optimized with the Yoast SEO Premium plugin v28.3 (Yoast SEO v28.3) - https:\/\/yoast.com\/product\/yoast-seo-premium-wordpress\/ -->\n<title>Die Schlafzimmer - Campo d&#039;Oro<\/title>\n<meta name=\"robots\" content=\"index, follow, max-snippet:-1, max-image-preview:large, max-video-preview:-1\" \/>\n<link rel=\"canonical\" href=\"https:\/\/www.ferienhaus-campodoro.ch\/index.php\/schlafzimmer\/\" \/>\n<meta property=\"og:locale\" content=\"de_DE\" \/>\n<meta property=\"og:type\" content=\"article\" \/>\n<meta property=\"og:title\" content=\"Die Schlafzimmer\" \/>\n<meta property=\"og:description\" content=\"Die Schlafzimmer Das Ferienhaus Campo d&#8217;Oro verf\u00fcgt insgesamt \u00fcber Schlafm\u00f6glichkeiten f\u00fcr 8 Personen. Den G\u00e4sten stehen vier Schlafzimmer zur Verf\u00fcgung. Im Erdgeschoss befindet sich ein Elternschlafzimmer mit Doppelbett und direktem Zugang zum Badezimmer mit Badewanne. Ein Einzelzimmer mit Etagenbett runden das Angebot ab. Im Untergeschoss (mit Tageslicht) befinden sich zwei weitere Schlafzimmer. Eines davon ist &hellip; &quot;Die Schlafzimmer&quot; weiterlesen\" \/>\n<meta property=\"og:url\" content=\"https:\/\/www.ferienhaus-campodoro.ch\/index.php\/schlafzimmer\/\" \/>\n<meta property=\"og:site_name\" content=\"Campo d&#039;Oro\" \/>\n<meta property=\"article:modified_time\" content=\"2025-01-27T14:07:18+00:00\" \/>\n<meta property=\"og:image\" content=\"https:\/\/www.ferienhaus-campodoro.ch\/wp-content\/uploads\/2019\/05\/15.jpg\" \/>\n\t<meta property=\"og:image:width\" content=\"1280\" \/>\n\t<meta property=\"og:image:height\" content=\"960\" \/>\n\t<meta property=\"og:image:type\" content=\"image\/jpeg\" \/>\n<meta name=\"twitter:card\" content=\"summary_large_image\" \/>\n<meta name=\"twitter:label1\" content=\"Gesch\u00e4tzte Lesezeit\" \/>\n\t<meta name=\"twitter:data1\" content=\"1\u00a0Minute\" \/>\n<script type=\"application\/ld+json\" class=\"yoast-schema-graph\">{\"@context\":\"https:\\\/\\\/schema.org\",\"@graph\":[{\"@type\":\"WebPage\",\"@id\":\"https:\\\/\\\/www.ferienhaus-campodoro.ch\\\/index.php\\\/schlafzimmer\\\/\",\"url\":\"https:\\\/\\\/www.ferienhaus-campodoro.ch\\\/index.php\\\/schlafzimmer\\\/\",\"name\":\"Die Schlafzimmer - Campo d&#039;Oro\",\"isPartOf\":{\"@id\":\"https:\\\/\\\/www.ferienhaus-campodoro.ch\\\/#website\"},\"datePublished\":\"2019-03-20T05:36:59+00:00\",\"dateModified\":\"2025-01-27T14:07:18+00:00\",\"breadcrumb\":{\"@id\":\"https:\\\/\\\/www.ferienhaus-campodoro.ch\\\/index.php\\\/schlafzimmer\\\/#breadcrumb\"},\"inLanguage\":\"de-CH\",\"potentialAction\":[{\"@type\":\"ReadAction\",\"target\":[\"https:\\\/\\\/www.ferienhaus-campodoro.ch\\\/index.php\\\/schlafzimmer\\\/\"]}]},{\"@type\":\"BreadcrumbList\",\"@id\":\"https:\\\/\\\/www.ferienhaus-campodoro.ch\\\/index.php\\\/schlafzimmer\\\/#breadcrumb\",\"itemListElement\":[{\"@type\":\"ListItem\",\"position\":1,\"name\":\"Home\",\"item\":\"https:\\\/\\\/www.ferienhaus-campodoro.ch\\\/\"},{\"@type\":\"ListItem\",\"position\":2,\"name\":\"Die Schlafzimmer\"}]},{\"@type\":\"WebSite\",\"@id\":\"https:\\\/\\\/www.ferienhaus-campodoro.ch\\\/#website\",\"url\":\"https:\\\/\\\/www.ferienhaus-campodoro.ch\\\/\",\"name\":\"Ferienhaus Campo d'Oro\",\"description\":\"Ferienhaus mit Privatstrand am Luganersee mieten\",\"publisher\":{\"@id\":\"https:\\\/\\\/www.ferienhaus-campodoro.ch\\\/#organization\"},\"alternateName\":\"Camp d'Oro\",\"potentialAction\":[{\"@type\":\"SearchAction\",\"target\":{\"@type\":\"EntryPoint\",\"urlTemplate\":\"https:\\\/\\\/www.ferienhaus-campodoro.ch\\\/?s={search_term_string}\"},\"query-input\":{\"@type\":\"PropertyValueSpecification\",\"valueRequired\":true,\"valueName\":\"search_term_string\"}}],\"inLanguage\":\"de-CH\"},{\"@type\":\"Organization\",\"@id\":\"https:\\\/\\\/www.ferienhaus-campodoro.ch\\\/#organization\",\"name\":\"Ferienhaus Campo d'Oro\",\"alternateName\":\"Ferienhaus mit Seezugang\",\"url\":\"https:\\\/\\\/www.ferienhaus-campodoro.ch\\\/\",\"logo\":{\"@type\":\"ImageObject\",\"inLanguage\":\"de-CH\",\"@id\":\"https:\\\/\\\/www.ferienhaus-campodoro.ch\\\/#\\\/schema\\\/logo\\\/image\\\/\",\"url\":\"https:\\\/\\\/www.ferienhaus-campodoro.ch\\\/wp-content\\\/uploads\\\/2019\\\/03\\\/2019-03-03-17.37.31-e1552998004878-1024x768.jpg\",\"contentUrl\":\"https:\\\/\\\/www.ferienhaus-campodoro.ch\\\/wp-content\\\/uploads\\\/2019\\\/03\\\/2019-03-03-17.37.31-e1552998004878-1024x768.jpg\",\"width\":1024,\"height\":768,\"caption\":\"Ferienhaus Campo d'Oro\"},\"image\":{\"@id\":\"https:\\\/\\\/www.ferienhaus-campodoro.ch\\\/#\\\/schema\\\/logo\\\/image\\\/\"},\"email\":\"info@ferienhaus-campodoro.ch\",\"telephone\":\"+41 79 207 98 57\"}]}<\/script>\n<!-- \/ Yoast SEO Premium plugin. -->","yoast_head_json":{"title":"Die Schlafzimmer - Campo d&#039;Oro","robots":{"index":"index","follow":"follow","max-snippet":"max-snippet:-1","max-image-preview":"max-image-preview:large","max-video-preview":"max-video-preview:-1"},"canonical":"https:\/\/www.ferienhaus-campodoro.ch\/index.php\/schlafzimmer\/","og_locale":"de_DE","og_type":"article","og_title":"Die Schlafzimmer","og_description":"Die Schlafzimmer Das Ferienhaus Campo d&#8217;Oro verf\u00fcgt insgesamt \u00fcber Schlafm\u00f6glichkeiten f\u00fcr 8 Personen. Den G\u00e4sten stehen vier Schlafzimmer zur Verf\u00fcgung. Im Erdgeschoss befindet sich ein Elternschlafzimmer mit Doppelbett und direktem Zugang zum Badezimmer mit Badewanne. Ein Einzelzimmer mit Etagenbett runden das Angebot ab. Im Untergeschoss (mit Tageslicht) befinden sich zwei weitere Schlafzimmer. Eines davon ist &hellip; \"Die Schlafzimmer\" weiterlesen","og_url":"https:\/\/www.ferienhaus-campodoro.ch\/index.php\/schlafzimmer\/","og_site_name":"Campo d&#039;Oro","article_modified_time":"2025-01-27T14:07:18+00:00","og_image":[{"width":1280,"height":960,"url":"https:\/\/www.ferienhaus-campodoro.ch\/wp-content\/uploads\/2019\/05\/15.jpg","type":"image\/jpeg"}],"twitter_card":"summary_large_image","twitter_misc":{"Gesch\u00e4tzte Lesezeit":"1\u00a0Minute"},"schema":{"@context":"https:\/\/schema.org","@graph":[{"@type":"WebPage","@id":"https:\/\/www.ferienhaus-campodoro.ch\/index.php\/schlafzimmer\/","url":"https:\/\/www.ferienhaus-campodoro.ch\/index.php\/schlafzimmer\/","name":"Die Schlafzimmer - Campo d&#039;Oro","isPartOf":{"@id":"https:\/\/www.ferienhaus-campodoro.ch\/#website"},"datePublished":"2019-03-20T05:36:59+00:00","dateModified":"2025-01-27T14:07:18+00:00","breadcrumb":{"@id":"https:\/\/www.ferienhaus-campodoro.ch\/index.php\/schlafzimmer\/#breadcrumb"},"inLanguage":"de-CH","potentialAction":[{"@type":"ReadAction","target":["https:\/\/www.ferienhaus-campodoro.ch\/index.php\/schlafzimmer\/"]}]},{"@type":"BreadcrumbList","@id":"https:\/\/www.ferienhaus-campodoro.ch\/index.php\/schlafzimmer\/#breadcrumb","itemListElement":[{"@type":"ListItem","position":1,"name":"Home","item":"https:\/\/www.ferienhaus-campodoro.ch\/"},{"@type":"ListItem","position":2,"name":"Die Schlafzimmer"}]},{"@type":"WebSite","@id":"https:\/\/www.ferienhaus-campodoro.ch\/#website","url":"https:\/\/www.ferienhaus-campodoro.ch\/","name":"Ferienhaus Campo d'Oro","description":"Ferienhaus mit Privatstrand am Luganersee mieten","publisher":{"@id":"https:\/\/www.ferienhaus-campodoro.ch\/#organization"},"alternateName":"Camp d'Oro","potentialAction":[{"@type":"SearchAction","target":{"@type":"EntryPoint","urlTemplate":"https:\/\/www.ferienhaus-campodoro.ch\/?s={search_term_string}"},"query-input":{"@type":"PropertyValueSpecification","valueRequired":true,"valueName":"search_term_string"}}],"inLanguage":"de-CH"},{"@type":"Organization","@id":"https:\/\/www.ferienhaus-campodoro.ch\/#organization","name":"Ferienhaus Campo d'Oro","alternateName":"Ferienhaus mit Seezugang","url":"https:\/\/www.ferienhaus-campodoro.ch\/","logo":{"@type":"ImageObject","inLanguage":"de-CH","@id":"https:\/\/www.ferienhaus-campodoro.ch\/#\/schema\/logo\/image\/","url":"https:\/\/www.ferienhaus-campodoro.ch\/wp-content\/uploads\/2019\/03\/2019-03-03-17.37.31-e1552998004878-1024x768.jpg","contentUrl":"https:\/\/www.ferienhaus-campodoro.ch\/wp-content\/uploads\/2019\/03\/2019-03-03-17.37.31-e1552998004878-1024x768.jpg","width":1024,"height":768,"caption":"Ferienhaus Campo d'Oro"},"image":{"@id":"https:\/\/www.ferienhaus-campodoro.ch\/#\/schema\/logo\/image\/"},"email":"info@ferienhaus-campodoro.ch","telephone":"+41 79 207 98 57"}]}},"_links":{"self":[{"href":"https:\/\/www.ferienhaus-campodoro.ch\/index.php\/wp-json\/wp\/v2\/pages\/55","targetHints":{"allow":["GET"]}}],"collection":[{"href":"https:\/\/www.ferienhaus-campodoro.ch\/index.php\/wp-json\/wp\/v2\/pages"}],"about":[{"href":"https:\/\/www.ferienhaus-campodoro.ch\/index.php\/wp-json\/wp\/v2\/types\/page"}],"author":[{"embeddable":true,"href":"https:\/\/www.ferienhaus-campodoro.ch\/index.php\/wp-json\/wp\/v2\/users\/1"}],"replies":[{"embeddable":true,"href":"https:\/\/www.ferienhaus-campodoro.ch\/index.php\/wp-json\/wp\/v2\/comments?post=55"}],"version-history":[{"count":110,"href":"https:\/\/www.ferienhaus-campodoro.ch\/index.php\/wp-json\/wp\/v2\/pages\/55\/revisions"}],"predecessor-version":[{"id":1458,"href":"https:\/\/www.ferienhaus-campodoro.ch\/index.php\/wp-json\/wp\/v2\/pages\/55\/revisions\/1458"}],"wp:attachment":[{"href":"https:\/\/www.ferienhaus-campodoro.ch\/index.php\/wp-json\/wp\/v2\/media?parent=55"}],"curies":[{"name":"wp","href":"https:\/\/api.w.org\/{rel}","templated":true}]}}