{"id":57,"date":"2019-03-20T05:37:13","date_gmt":"2019-03-20T05:37:13","guid":{"rendered":"http:\/\/www.ferienhaus-campodoro.ch\/?page_id=57"},"modified":"2025-03-19T11:02:20","modified_gmt":"2025-03-19T10:02:20","slug":"kueche-wohnen","status":"publish","type":"page","link":"https:\/\/www.ferienhaus-campodoro.ch\/index.php\/kueche-wohnen\/","title":{"rendered":"K\u00fcche &#038; Wohnen"},"content":{"rendered":"<h2>K\u00fcche und Wohnbereich<\/h2>\n<p style=\"text-align: center;\">Das Ferienhaus Campo d&#8217;Oro verf\u00fcgt \u00fcber zwei K\u00fcchen. Die separate Hauptk\u00fcche befindet sich im Erdgeschoss, eine zweite, kleinere K\u00fcche befindet sich im Untergeschoss.<\/p>\n<p style=\"text-align: center;\">Die Hauptk\u00fcche ist voll ausgestattet und verf\u00fcgt \u00fcber einen Geschirrsp\u00fcler, einen K\u00fchlschrank mit Gefrierfach, eine Mikrowelle, eine Nespressomaschine sowie eine Filterkaffeemaschine.<\/p>\n<p style=\"text-align: center;\">Die kleine K\u00fcchenzeile im Untergeschoss bietet das n\u00f6tigste und verf\u00fcgt \u00fcber einen K\u00fchlschrank, zwei Herdplatten und ein Abwaschbecken.<\/p>\n<p style=\"text-align: center;\">Der Wohnbereich ist offen gestaltet. Am grossen Esstisch finden bis zu 10 Personen platz. F\u00fcr die kleinsten ist ein Kindersitz vorhanden. Eine kleine Sitzecke mit nochmals f\u00fcnf Sitzgelegenheiten bietet sich als zus\u00e4tzlichen Esstisch oder zur Einnahme eines Ap\u00e9ros an.<\/p>\n<p style=\"text-align: center;\">Vom Essbereich gelangen Sie direkt in den Garten. Dort befindet sich ein Esstisch (\u00fcberdacht) sowie ein Steintisch direkt vor dem Grillkamin.<\/p>\n<p style=\"text-align: center;\">Das offene Wohnzimmer verf\u00fcgt \u00fcber ein Sofa, drei Fauteuils, einen Sitzsack und eine Holzbank. Die offene, \u00fcber dem Wohnzimmer gelegene Galerie dient als Schlafm\u00f6glichkeit f\u00fcr zwei (Einzelbetten). Vom Fenster der Galerie geniessen Sie einen wundervollen Blick auf den Luganersee.<\/p>\n<h2>Wohnzimmer mit Blick auf den Luganersee<\/h2>\n<h2>Das chemin\u00e9e sorgt f\u00fcr pure gem\u00fctlichkeit<\/h2>\n<h2>Essen mit blick auf den Luganersee<\/h2>\n","protected":false},"excerpt":{"rendered":"<p>K\u00fcche und Wohnbereich Das Ferienhaus Campo d&#8217;Oro verf\u00fcgt \u00fcber zwei K\u00fcchen. Die separate Hauptk\u00fcche befindet sich im Erdgeschoss, eine zweite, kleinere K\u00fcche befindet sich im Untergeschoss. Die Hauptk\u00fcche ist voll ausgestattet und verf\u00fcgt \u00fcber einen Geschirrsp\u00fcler, einen K\u00fchlschrank mit Gefrierfach, eine Mikrowelle, eine Nespressomaschine sowie eine Filterkaffeemaschine. Die kleine K\u00fcchenzeile im Untergeschoss bietet das n\u00f6tigste &hellip; <\/p>\n<p class=\"link-more\"><a href=\"https:\/\/www.ferienhaus-campodoro.ch\/index.php\/kueche-wohnen\/\" class=\"more-link\"><span class=\"screen-reader-text\">&#171;K\u00fcche &#038; Wohnen&#187;<\/span> weiterlesen<\/a><\/p>\n","protected":false},"author":1,"featured_media":0,"parent":0,"menu_order":0,"comment_status":"closed","ping_status":"closed","template":"elementor_header_footer","meta":{"footnotes":""},"class_list":["post-57","page","type-page","status-publish","hentry"],"yoast_head":"<!-- This site is optimized with the Yoast SEO Premium plugin v28.3 (Yoast SEO v28.3) - https:\/\/yoast.com\/product\/yoast-seo-premium-wordpress\/ -->\n<title>K\u00fcche &amp; Wohnen - Campo d&#039;Oro<\/title>\n<meta name=\"description\" content=\"Die K\u00fcche ist voll ausgestattet und verf\u00fcgt \u00fcber einen Geschirrsp\u00fcler, einen K\u00fchlschrank mit Gefrierfach, eine Mikrowelle, eine Nespressomaschine sowie eine Filterkaffeemaschine.\" \/>\n<meta name=\"robots\" content=\"index, follow, max-snippet:-1, max-image-preview:large, max-video-preview:-1\" \/>\n<link rel=\"canonical\" href=\"https:\/\/www.ferienhaus-campodoro.ch\/index.php\/kueche-wohnen\/\" \/>\n<meta property=\"og:locale\" content=\"de_DE\" \/>\n<meta property=\"og:type\" content=\"article\" \/>\n<meta property=\"og:title\" content=\"K\u00fcche &amp; Wohnen\" \/>\n<meta property=\"og:description\" content=\"Die K\u00fcche ist voll ausgestattet und verf\u00fcgt \u00fcber einen Geschirrsp\u00fcler, einen K\u00fchlschrank mit Gefrierfach, eine Mikrowelle, eine Nespressomaschine sowie eine Filterkaffeemaschine.\" \/>\n<meta property=\"og:url\" content=\"https:\/\/www.ferienhaus-campodoro.ch\/index.php\/kueche-wohnen\/\" \/>\n<meta property=\"og:site_name\" content=\"Campo d&#039;Oro\" \/>\n<meta property=\"article:modified_time\" content=\"2025-03-19T10:02:20+00:00\" \/>\n<meta property=\"og:image\" content=\"https:\/\/www.ferienhaus-campodoro.ch\/wp-content\/uploads\/2019\/05\/15.jpg\" \/>\n\t<meta property=\"og:image:width\" content=\"1280\" \/>\n\t<meta property=\"og:image:height\" content=\"960\" \/>\n\t<meta property=\"og:image:type\" content=\"image\/jpeg\" \/>\n<meta name=\"twitter:card\" content=\"summary_large_image\" \/>\n<meta name=\"twitter:label1\" content=\"Gesch\u00e4tzte Lesezeit\" \/>\n\t<meta name=\"twitter:data1\" content=\"2\u00a0Minuten\" \/>\n<script type=\"application\/ld+json\" class=\"yoast-schema-graph\">{\"@context\":\"https:\\\/\\\/schema.org\",\"@graph\":[{\"@type\":\"WebPage\",\"@id\":\"https:\\\/\\\/www.ferienhaus-campodoro.ch\\\/index.php\\\/kueche-wohnen\\\/\",\"url\":\"https:\\\/\\\/www.ferienhaus-campodoro.ch\\\/index.php\\\/kueche-wohnen\\\/\",\"name\":\"K\u00fcche & Wohnen - Campo d&#039;Oro\",\"isPartOf\":{\"@id\":\"https:\\\/\\\/www.ferienhaus-campodoro.ch\\\/#website\"},\"datePublished\":\"2019-03-20T05:37:13+00:00\",\"dateModified\":\"2025-03-19T10:02:20+00:00\",\"description\":\"Die K\u00fcche ist voll ausgestattet und verf\u00fcgt \u00fcber einen Geschirrsp\u00fcler, einen K\u00fchlschrank mit Gefrierfach, eine Mikrowelle, eine Nespressomaschine sowie eine Filterkaffeemaschine.\",\"breadcrumb\":{\"@id\":\"https:\\\/\\\/www.ferienhaus-campodoro.ch\\\/index.php\\\/kueche-wohnen\\\/#breadcrumb\"},\"inLanguage\":\"de-CH\",\"potentialAction\":[{\"@type\":\"ReadAction\",\"target\":[\"https:\\\/\\\/www.ferienhaus-campodoro.ch\\\/index.php\\\/kueche-wohnen\\\/\"]}]},{\"@type\":\"BreadcrumbList\",\"@id\":\"https:\\\/\\\/www.ferienhaus-campodoro.ch\\\/index.php\\\/kueche-wohnen\\\/#breadcrumb\",\"itemListElement\":[{\"@type\":\"ListItem\",\"position\":1,\"name\":\"Home\",\"item\":\"https:\\\/\\\/www.ferienhaus-campodoro.ch\\\/\"},{\"@type\":\"ListItem\",\"position\":2,\"name\":\"K\u00fcche &#038; Wohnen\"}]},{\"@type\":\"WebSite\",\"@id\":\"https:\\\/\\\/www.ferienhaus-campodoro.ch\\\/#website\",\"url\":\"https:\\\/\\\/www.ferienhaus-campodoro.ch\\\/\",\"name\":\"Ferienhaus Campo d'Oro\",\"description\":\"Ferienhaus mit Privatstrand am Luganersee mieten\",\"publisher\":{\"@id\":\"https:\\\/\\\/www.ferienhaus-campodoro.ch\\\/#organization\"},\"alternateName\":\"Camp d'Oro\",\"potentialAction\":[{\"@type\":\"SearchAction\",\"target\":{\"@type\":\"EntryPoint\",\"urlTemplate\":\"https:\\\/\\\/www.ferienhaus-campodoro.ch\\\/?s={search_term_string}\"},\"query-input\":{\"@type\":\"PropertyValueSpecification\",\"valueRequired\":true,\"valueName\":\"search_term_string\"}}],\"inLanguage\":\"de-CH\"},{\"@type\":\"Organization\",\"@id\":\"https:\\\/\\\/www.ferienhaus-campodoro.ch\\\/#organization\",\"name\":\"Ferienhaus Campo d'Oro\",\"alternateName\":\"Ferienhaus mit Seezugang\",\"url\":\"https:\\\/\\\/www.ferienhaus-campodoro.ch\\\/\",\"logo\":{\"@type\":\"ImageObject\",\"inLanguage\":\"de-CH\",\"@id\":\"https:\\\/\\\/www.ferienhaus-campodoro.ch\\\/#\\\/schema\\\/logo\\\/image\\\/\",\"url\":\"https:\\\/\\\/www.ferienhaus-campodoro.ch\\\/wp-content\\\/uploads\\\/2019\\\/03\\\/2019-03-03-17.37.31-e1552998004878-1024x768.jpg\",\"contentUrl\":\"https:\\\/\\\/www.ferienhaus-campodoro.ch\\\/wp-content\\\/uploads\\\/2019\\\/03\\\/2019-03-03-17.37.31-e1552998004878-1024x768.jpg\",\"width\":1024,\"height\":768,\"caption\":\"Ferienhaus Campo d'Oro\"},\"image\":{\"@id\":\"https:\\\/\\\/www.ferienhaus-campodoro.ch\\\/#\\\/schema\\\/logo\\\/image\\\/\"},\"email\":\"info@ferienhaus-campodoro.ch\",\"telephone\":\"+41 79 207 98 57\"}]}<\/script>\n<!-- \/ Yoast SEO Premium plugin. -->","yoast_head_json":{"title":"K\u00fcche & Wohnen - Campo d&#039;Oro","description":"Die K\u00fcche ist voll ausgestattet und verf\u00fcgt \u00fcber einen Geschirrsp\u00fcler, einen K\u00fchlschrank mit Gefrierfach, eine Mikrowelle, eine Nespressomaschine sowie eine Filterkaffeemaschine.","robots":{"index":"index","follow":"follow","max-snippet":"max-snippet:-1","max-image-preview":"max-image-preview:large","max-video-preview":"max-video-preview:-1"},"canonical":"https:\/\/www.ferienhaus-campodoro.ch\/index.php\/kueche-wohnen\/","og_locale":"de_DE","og_type":"article","og_title":"K\u00fcche & Wohnen","og_description":"Die K\u00fcche ist voll ausgestattet und verf\u00fcgt \u00fcber einen Geschirrsp\u00fcler, einen K\u00fchlschrank mit Gefrierfach, eine Mikrowelle, eine Nespressomaschine sowie eine Filterkaffeemaschine.","og_url":"https:\/\/www.ferienhaus-campodoro.ch\/index.php\/kueche-wohnen\/","og_site_name":"Campo d&#039;Oro","article_modified_time":"2025-03-19T10:02:20+00:00","og_image":[{"width":1280,"height":960,"url":"https:\/\/www.ferienhaus-campodoro.ch\/wp-content\/uploads\/2019\/05\/15.jpg","type":"image\/jpeg"}],"twitter_card":"summary_large_image","twitter_misc":{"Gesch\u00e4tzte Lesezeit":"2\u00a0Minuten"},"schema":{"@context":"https:\/\/schema.org","@graph":[{"@type":"WebPage","@id":"https:\/\/www.ferienhaus-campodoro.ch\/index.php\/kueche-wohnen\/","url":"https:\/\/www.ferienhaus-campodoro.ch\/index.php\/kueche-wohnen\/","name":"K\u00fcche & Wohnen - Campo d&#039;Oro","isPartOf":{"@id":"https:\/\/www.ferienhaus-campodoro.ch\/#website"},"datePublished":"2019-03-20T05:37:13+00:00","dateModified":"2025-03-19T10:02:20+00:00","description":"Die K\u00fcche ist voll ausgestattet und verf\u00fcgt \u00fcber einen Geschirrsp\u00fcler, einen K\u00fchlschrank mit Gefrierfach, eine Mikrowelle, eine Nespressomaschine sowie eine Filterkaffeemaschine.","breadcrumb":{"@id":"https:\/\/www.ferienhaus-campodoro.ch\/index.php\/kueche-wohnen\/#breadcrumb"},"inLanguage":"de-CH","potentialAction":[{"@type":"ReadAction","target":["https:\/\/www.ferienhaus-campodoro.ch\/index.php\/kueche-wohnen\/"]}]},{"@type":"BreadcrumbList","@id":"https:\/\/www.ferienhaus-campodoro.ch\/index.php\/kueche-wohnen\/#breadcrumb","itemListElement":[{"@type":"ListItem","position":1,"name":"Home","item":"https:\/\/www.ferienhaus-campodoro.ch\/"},{"@type":"ListItem","position":2,"name":"K\u00fcche &#038; Wohnen"}]},{"@type":"WebSite","@id":"https:\/\/www.ferienhaus-campodoro.ch\/#website","url":"https:\/\/www.ferienhaus-campodoro.ch\/","name":"Ferienhaus Campo d'Oro","description":"Ferienhaus mit Privatstrand am Luganersee mieten","publisher":{"@id":"https:\/\/www.ferienhaus-campodoro.ch\/#organization"},"alternateName":"Camp d'Oro","potentialAction":[{"@type":"SearchAction","target":{"@type":"EntryPoint","urlTemplate":"https:\/\/www.ferienhaus-campodoro.ch\/?s={search_term_string}"},"query-input":{"@type":"PropertyValueSpecification","valueRequired":true,"valueName":"search_term_string"}}],"inLanguage":"de-CH"},{"@type":"Organization","@id":"https:\/\/www.ferienhaus-campodoro.ch\/#organization","name":"Ferienhaus Campo d'Oro","alternateName":"Ferienhaus mit Seezugang","url":"https:\/\/www.ferienhaus-campodoro.ch\/","logo":{"@type":"ImageObject","inLanguage":"de-CH","@id":"https:\/\/www.ferienhaus-campodoro.ch\/#\/schema\/logo\/image\/","url":"https:\/\/www.ferienhaus-campodoro.ch\/wp-content\/uploads\/2019\/03\/2019-03-03-17.37.31-e1552998004878-1024x768.jpg","contentUrl":"https:\/\/www.ferienhaus-campodoro.ch\/wp-content\/uploads\/2019\/03\/2019-03-03-17.37.31-e1552998004878-1024x768.jpg","width":1024,"height":768,"caption":"Ferienhaus Campo d'Oro"},"image":{"@id":"https:\/\/www.ferienhaus-campodoro.ch\/#\/schema\/logo\/image\/"},"email":"info@ferienhaus-campodoro.ch","telephone":"+41 79 207 98 57"}]}},"_links":{"self":[{"href":"https:\/\/www.ferienhaus-campodoro.ch\/index.php\/wp-json\/wp\/v2\/pages\/57","targetHints":{"allow":["GET"]}}],"collection":[{"href":"https:\/\/www.ferienhaus-campodoro.ch\/index.php\/wp-json\/wp\/v2\/pages"}],"about":[{"href":"https:\/\/www.ferienhaus-campodoro.ch\/index.php\/wp-json\/wp\/v2\/types\/page"}],"author":[{"embeddable":true,"href":"https:\/\/www.ferienhaus-campodoro.ch\/index.php\/wp-json\/wp\/v2\/users\/1"}],"replies":[{"embeddable":true,"href":"https:\/\/www.ferienhaus-campodoro.ch\/index.php\/wp-json\/wp\/v2\/comments?post=57"}],"version-history":[{"count":35,"href":"https:\/\/www.ferienhaus-campodoro.ch\/index.php\/wp-json\/wp\/v2\/pages\/57\/revisions"}],"predecessor-version":[{"id":1477,"href":"https:\/\/www.ferienhaus-campodoro.ch\/index.php\/wp-json\/wp\/v2\/pages\/57\/revisions\/1477"}],"wp:attachment":[{"href":"https:\/\/www.ferienhaus-campodoro.ch\/index.php\/wp-json\/wp\/v2\/media?parent=57"}],"curies":[{"name":"wp","href":"https:\/\/api.w.org\/{rel}","templated":true}]}}