{"id":991,"date":"2019-05-08T11:59:06","date_gmt":"2019-05-08T11:59:06","guid":{"rendered":"http:\/\/www.ferienhaus-campodoro.ch\/?page_id=991"},"modified":"2025-07-24T11:10:13","modified_gmt":"2025-07-24T09:10:13","slug":"impressum-datenschutz","status":"publish","type":"page","link":"https:\/\/www.ferienhaus-campodoro.ch\/index.php\/impressum-datenschutz\/","title":{"rendered":"Impressum &#038; Datenschutz"},"content":{"rendered":"\t\t<div data-elementor-type=\"wp-post\" data-elementor-id=\"991\" class=\"elementor elementor-991\" data-elementor-post-type=\"page\">\n\t\t\t\t\t\t<section class=\"elementor-section elementor-top-section elementor-element elementor-element-da4f2fb elementor-section-boxed elementor-section-height-default elementor-section-height-default\" data-id=\"da4f2fb\" data-element_type=\"section\" data-e-type=\"section\">\n\t\t\t\t\t\t<div class=\"elementor-container elementor-column-gap-default\">\n\t\t\t\t\t<div class=\"elementor-column elementor-col-100 elementor-top-column elementor-element elementor-element-3024d32\" data-id=\"3024d32\" data-element_type=\"column\" data-e-type=\"column\">\n\t\t\t<div class=\"elementor-widget-wrap elementor-element-populated\">\n\t\t\t\t\t\t<div class=\"elementor-element elementor-element-ec96e60 elementor-widget elementor-widget-heading\" data-id=\"ec96e60\" data-element_type=\"widget\" data-e-type=\"widget\" data-widget_type=\"heading.default\">\n\t\t\t\t<div class=\"elementor-widget-container\">\n\t\t\t\t\t<h2 class=\"elementor-heading-title elementor-size-xl\">Impressum<\/h2>\t\t\t\t<\/div>\n\t\t\t\t<\/div>\n\t\t\t\t<section class=\"elementor-section elementor-inner-section elementor-element elementor-element-257c92d elementor-section-boxed elementor-section-height-default elementor-section-height-default\" data-id=\"257c92d\" data-element_type=\"section\" data-e-type=\"section\">\n\t\t\t\t\t\t<div class=\"elementor-container elementor-column-gap-default\">\n\t\t\t\t\t<div class=\"elementor-column elementor-col-50 elementor-inner-column elementor-element elementor-element-257dd4b\" data-id=\"257dd4b\" data-element_type=\"column\" data-e-type=\"column\">\n\t\t\t<div class=\"elementor-widget-wrap elementor-element-populated\">\n\t\t\t\t\t\t<div class=\"elementor-element elementor-element-4f8ea76 elementor-widget elementor-widget-text-editor\" data-id=\"4f8ea76\" data-element_type=\"widget\" data-e-type=\"widget\" data-widget_type=\"text-editor.default\">\n\t\t\t\t<div class=\"elementor-widget-container\">\n\t\t\t\t\t\t\t\t\t<p>Regula Irniger Weber<br \/>Kirchberg 999<br \/>CH-9428 Wolfhalden<br \/>Lizenz-Nr.: NL\u201300011642<\/p>\t\t\t\t\t\t\t\t<\/div>\n\t\t\t\t<\/div>\n\t\t\t\t\t<\/div>\n\t\t<\/div>\n\t\t\t\t<div class=\"elementor-column elementor-col-50 elementor-inner-column elementor-element elementor-element-d9c623b\" data-id=\"d9c623b\" data-element_type=\"column\" data-e-type=\"column\">\n\t\t\t<div class=\"elementor-widget-wrap elementor-element-populated\">\n\t\t\t\t\t\t<div class=\"elementor-element elementor-element-b078284 elementor-widget elementor-widget-text-editor\" data-id=\"b078284\" data-element_type=\"widget\" data-e-type=\"widget\" data-widget_type=\"text-editor.default\">\n\t\t\t\t<div class=\"elementor-widget-container\">\n\t\t\t\t\t\t\t\t\t<p><br \/>+41 79 207 98 57<br \/>info@ferienhaus-campodoro.ch<\/p>\t\t\t\t\t\t\t\t<\/div>\n\t\t\t\t<\/div>\n\t\t\t\t\t<\/div>\n\t\t<\/div>\n\t\t\t\t\t<\/div>\n\t\t<\/section>\n\t\t\t\t\t<\/div>\n\t\t<\/div>\n\t\t\t\t\t<\/div>\n\t\t<\/section>\n\t\t\t\t<section class=\"elementor-section elementor-top-section elementor-element elementor-element-3175961 elementor-section-boxed elementor-section-height-default elementor-section-height-default\" data-id=\"3175961\" data-element_type=\"section\" data-e-type=\"section\">\n\t\t\t\t\t\t<div class=\"elementor-container elementor-column-gap-default\">\n\t\t\t\t\t<div class=\"elementor-column elementor-col-100 elementor-top-column elementor-element elementor-element-da12ec9\" data-id=\"da12ec9\" data-element_type=\"column\" data-e-type=\"column\">\n\t\t\t<div class=\"elementor-widget-wrap elementor-element-populated\">\n\t\t\t\t\t\t<div class=\"elementor-element elementor-element-35fa066 elementor-widget-divider--view-line elementor-widget elementor-widget-divider\" data-id=\"35fa066\" data-element_type=\"widget\" data-e-type=\"widget\" data-widget_type=\"divider.default\">\n\t\t\t\t<div class=\"elementor-widget-container\">\n\t\t\t\t\t\t\t<div class=\"elementor-divider\">\n\t\t\t<span class=\"elementor-divider-separator\">\n\t\t\t\t\t\t<\/span>\n\t\t<\/div>\n\t\t\t\t\t\t<\/div>\n\t\t\t\t<\/div>\n\t\t\t\t\t<\/div>\n\t\t<\/div>\n\t\t\t\t\t<\/div>\n\t\t<\/section>\n\t\t\t\t<section class=\"elementor-section elementor-top-section elementor-element elementor-element-8f167e9 elementor-section-boxed elementor-section-height-default elementor-section-height-default\" data-id=\"8f167e9\" data-element_type=\"section\" data-e-type=\"section\">\n\t\t\t\t\t\t<div class=\"elementor-container elementor-column-gap-no\">\n\t\t\t\t\t<div class=\"elementor-column elementor-col-100 elementor-top-column elementor-element elementor-element-b011718\" data-id=\"b011718\" data-element_type=\"column\" data-e-type=\"column\">\n\t\t\t<div class=\"elementor-widget-wrap elementor-element-populated\">\n\t\t\t\t\t\t<div class=\"elementor-element elementor-element-93e3013 elementor-widget elementor-widget-heading\" data-id=\"93e3013\" data-element_type=\"widget\" data-e-type=\"widget\" data-widget_type=\"heading.default\">\n\t\t\t\t<div class=\"elementor-widget-container\">\n\t\t\t\t\t<h2 class=\"elementor-heading-title elementor-size-xl\">Datenschutz<\/h2>\t\t\t\t<\/div>\n\t\t\t\t<\/div>\n\t\t\t\t<div class=\"elementor-element elementor-element-90f9995 elementor-widget elementor-widget-heading\" data-id=\"90f9995\" data-element_type=\"widget\" data-e-type=\"widget\" data-widget_type=\"heading.default\">\n\t\t\t\t<div class=\"elementor-widget-container\">\n\t\t\t\t\t<h2 class=\"elementor-heading-title elementor-size-default\">1. Inhalt des Onlineangebotes<\/h2>\t\t\t\t<\/div>\n\t\t\t\t<\/div>\n\t\t\t\t<div class=\"elementor-element elementor-element-f80dd9c elementor-widget elementor-widget-text-editor\" data-id=\"f80dd9c\" data-element_type=\"widget\" data-e-type=\"widget\" data-widget_type=\"text-editor.default\">\n\t\t\t\t<div class=\"elementor-widget-container\">\n\t\t\t\t\t\t\t\t\t<p>Die Webseitenbetreiber von dieser Website \u00fcbernehmen keine Gew\u00e4hr f\u00fcr die Aktualit\u00e4t, Korrektheit, Vollst\u00e4ndigkeit oder Qualit\u00e4t der bereitgestellten Informationen. Haftungsanspr\u00fcche gegen die Autoren, welche sich auf Sch\u00e4den materieller oder ideeller Art beziehen, die durch die Nutzung oder Nichtnutzung der dargebotenen Informationen bzw. durch die Nutzung inkorrekter und unvollst\u00e4ndiger Informationen bedingt sind, sind grunds\u00e4tzlich ausgeschlossen, sofern seitens der Autoren kein nachweislich vors\u00e4tzliches oder grob fahrl\u00e4ssiges Verschulden vorliegt.<br \/>Alle Angebote sind unverbindlich. Wir behalten es uns ausdr\u00fccklich vor, Teile der Seiten oder das gesamte Angebot ohne besondere Ank\u00fcndigung zu ver\u00e4ndern, zu erg\u00e4nzen, zu l\u00f6schen oder die Ver\u00f6ffentlichung zeitweise oder endg\u00fcltig einzustellen.<\/p>\t\t\t\t\t\t\t\t<\/div>\n\t\t\t\t<\/div>\n\t\t\t\t\t<\/div>\n\t\t<\/div>\n\t\t\t\t\t<\/div>\n\t\t<\/section>\n\t\t\t\t<section class=\"elementor-section elementor-top-section elementor-element elementor-element-9407058 elementor-section-boxed elementor-section-height-default elementor-section-height-default\" data-id=\"9407058\" data-element_type=\"section\" data-e-type=\"section\">\n\t\t\t\t\t\t<div class=\"elementor-container elementor-column-gap-no\">\n\t\t\t\t\t<div class=\"elementor-column elementor-col-100 elementor-top-column elementor-element elementor-element-9233dca\" data-id=\"9233dca\" data-element_type=\"column\" data-e-type=\"column\">\n\t\t\t<div class=\"elementor-widget-wrap elementor-element-populated\">\n\t\t\t\t\t\t<div class=\"elementor-element elementor-element-b7f0736 elementor-widget elementor-widget-heading\" data-id=\"b7f0736\" data-element_type=\"widget\" data-e-type=\"widget\" data-widget_type=\"heading.default\">\n\t\t\t\t<div class=\"elementor-widget-container\">\n\t\t\t\t\t<h2 class=\"elementor-heading-title elementor-size-default\">2. Verweise und Links<\/h2>\t\t\t\t<\/div>\n\t\t\t\t<\/div>\n\t\t\t\t<div class=\"elementor-element elementor-element-78f1acb elementor-widget elementor-widget-text-editor\" data-id=\"78f1acb\" data-element_type=\"widget\" data-e-type=\"widget\" data-widget_type=\"text-editor.default\">\n\t\t\t\t<div class=\"elementor-widget-container\">\n\t\t\t\t\t\t\t\t\t<p>Bei direkten oder indirekten Verweisen auf fremde Internetseiten (\u00abLinks\u00bb), die ausserhalb unseres Verantwortungsbereiches liegen, w\u00fcrde eine Haftungsverpflichtung ausschliesslich vorliegen, falls unser Autor von den Inhalten Kenntnis hat und es ihm technisch m\u00f6glich und zumutbar w\u00e4re, die Nutzung bei rechtswidrigen Inhalten zu verhindern.<\/p><p>Auf die aktuelle und zuk\u00fcnftige Gestaltung, die Inhalte oder die Urheberschaft der gelinkten, d.h. durch Verweise verkn\u00fcpften Seiten haben wir keinerlei Einfluss. Wir distanzieren uns hiermit ausdr\u00fccklich von allen Inhalten aller gelinkten sowie verkn\u00fcpften Seiten, die nach der Linksetzung ver\u00e4ndert wurden. Diese Feststellung gilt f\u00fcr alle innerhalb des eigenen Internetangebotes gesetzten Links und Verweise sowie f\u00fcr Fremdeintr\u00e4ge in von uns eingerichteten G\u00e4steb\u00fcchern, Diskussionsforen und Mailinglisten. F\u00fcr illegale, fehlerhafte oder unvollst\u00e4ndige Inhalte und insbesondere f\u00fcr Sch\u00e4den, die aus der Nutzung oder Nichtnutzung solcherart dargebotener Informationen entstehen, haftet allein der Anbieter der Seite, auf welche verwiesen wurde.<\/p>\t\t\t\t\t\t\t\t<\/div>\n\t\t\t\t<\/div>\n\t\t\t\t\t<\/div>\n\t\t<\/div>\n\t\t\t\t\t<\/div>\n\t\t<\/section>\n\t\t\t\t<section class=\"elementor-section elementor-top-section elementor-element elementor-element-d3f276f elementor-section-boxed elementor-section-height-default elementor-section-height-default\" data-id=\"d3f276f\" data-element_type=\"section\" data-e-type=\"section\">\n\t\t\t\t\t\t<div class=\"elementor-container elementor-column-gap-no\">\n\t\t\t\t\t<div class=\"elementor-column elementor-col-100 elementor-top-column elementor-element elementor-element-d2dec6b\" data-id=\"d2dec6b\" data-element_type=\"column\" data-e-type=\"column\">\n\t\t\t<div class=\"elementor-widget-wrap elementor-element-populated\">\n\t\t\t\t\t\t<div class=\"elementor-element elementor-element-39f0c27 elementor-widget elementor-widget-heading\" data-id=\"39f0c27\" data-element_type=\"widget\" data-e-type=\"widget\" data-widget_type=\"heading.default\">\n\t\t\t\t<div class=\"elementor-widget-container\">\n\t\t\t\t\t<h2 class=\"elementor-heading-title elementor-size-default\">3. Urheber- und Kennzeichenrecht<\/h2>\t\t\t\t<\/div>\n\t\t\t\t<\/div>\n\t\t\t\t<div class=\"elementor-element elementor-element-1b554fe elementor-widget elementor-widget-text-editor\" data-id=\"1b554fe\" data-element_type=\"widget\" data-e-type=\"widget\" data-widget_type=\"text-editor.default\">\n\t\t\t\t<div class=\"elementor-widget-container\">\n\t\t\t\t\t\t\t\t\t<p>Wir sind bestrebt, in allen Publikationen die Urheberrechte der verwendeten Grafiken, Tondokumente, Videosequenzen und Texte zu beachten, selbst erstellte Grafiken, Tondokumente, Videosequenzen und Texte zu nutzen oder auf lizenzfreie Grafiken, Tondokumente, Videosequenzen und Texte zur\u00fcckzugreifen.<br \/>Alle innerhalb des Internetangebotes genannten und ggf. durch Dritte gesch\u00fctzten Marken- und Warenzeichen unterliegen uneingeschr\u00e4nkt den Bestimmungen des jeweils g\u00fcltigen Kennzeichenrechts und den Besitzrechten der jeweiligen eingetragenen Eigent\u00fcmer. Vom Fehlen einer entsprechenden Kennzeichnung kann jedoch nicht abgeleitet werden, dass die Markenzeichen nicht durch die Rechte Dritter gesch\u00fctzt sind.<br \/>Die Rechte an ver\u00f6ffentlichten, vom Autor selbst erstellten Objekten bleiben allein beim Autor der Seiten. Alle unsere eigenen Texte, Bilder, Grafiken, Tondokumente, Videosequenzen, Dokumente und Programme d\u00fcrfen nicht ohne ausdr\u00fcckliche Genehmigung unsererseits weiterverwendet werden, die Gestaltung der Website darf nicht zur Weiterentwicklung von eigenen Websites kopiert werden. Wir \u00fcbernehmen keine Haftung und Verantwortung f\u00fcr alle Texte, Aussagen, Kommentare, Bilder, Grafiken, Sounds, Videos, Links, Dokumente, Programme und Dienstleitungen bez\u00fcglich Erreichbarkeit, Inhalt und deren Richtigkeit sowie f\u00fcr die P\u00fcnktlichkeit und Genauigkeit der auf der Website enthaltenen Informationen. Wir erlauben Ihnen das Anzeigen, Kopieren, Verteilen und Herunterladen der Materialien von unserem Server, wenn: (a) die aufgef\u00fchrten Copyright-Informationen nicht verletzt werden; (b) diese Materialien ausschliesslich f\u00fcr pers\u00f6nliche, nicht-kommerzielle und informative Zwecke benutzt werden und wenn diese Materialien nicht in einem Netzwerk eingebundenen Computer ver\u00f6ffentlicht oder zur Erlangung kommerziellen Gewinns genutzt werden; (c) die Materialien in keiner Weise ver\u00e4ndert werden und (d) die Quellenangabe bestehen bleibt. Diese Genehmigung ist ohne vorherige Ank\u00fcndigung automatisch dann ung\u00fcltig, wenn Sie gegen eine dieser Bedingungen verstossen sollten. In jenem Fall sind Sie verpflichtet, alle heruntergeladenen oder ausgedruckten Materialien sofort zu l\u00f6schen bzw. zu vernichten.<\/p>\t\t\t\t\t\t\t\t<\/div>\n\t\t\t\t<\/div>\n\t\t\t\t\t<\/div>\n\t\t<\/div>\n\t\t\t\t\t<\/div>\n\t\t<\/section>\n\t\t\t\t<section class=\"elementor-section elementor-top-section elementor-element elementor-element-cc2db6b elementor-section-boxed elementor-section-height-default elementor-section-height-default\" data-id=\"cc2db6b\" data-element_type=\"section\" data-e-type=\"section\">\n\t\t\t\t\t\t<div class=\"elementor-container elementor-column-gap-no\">\n\t\t\t\t\t<div class=\"elementor-column elementor-col-100 elementor-top-column elementor-element elementor-element-e43c2e1\" data-id=\"e43c2e1\" data-element_type=\"column\" data-e-type=\"column\">\n\t\t\t<div class=\"elementor-widget-wrap elementor-element-populated\">\n\t\t\t\t\t\t<div class=\"elementor-element elementor-element-9023837 elementor-widget elementor-widget-heading\" data-id=\"9023837\" data-element_type=\"widget\" data-e-type=\"widget\" data-widget_type=\"heading.default\">\n\t\t\t\t<div class=\"elementor-widget-container\">\n\t\t\t\t\t<h2 class=\"elementor-heading-title elementor-size-default\">4. Datenschutz<\/h2>\t\t\t\t<\/div>\n\t\t\t\t<\/div>\n\t\t\t\t<div class=\"elementor-element elementor-element-3fbbac9 elementor-widget elementor-widget-text-editor\" data-id=\"3fbbac9\" data-element_type=\"widget\" data-e-type=\"widget\" data-widget_type=\"text-editor.default\">\n\t\t\t\t<div class=\"elementor-widget-container\">\n\t\t\t\t\t\t\t\t\t<p>Sofern innerhalb des Internetangebotes die M\u00f6glichkeit zur Eingabe pers\u00f6nlicher oder gesch\u00e4ftlicher Daten (E-Mail-Adressen, Namen, Anschriften etc.) besteht, so erfolgt die Preisgabe dieser Daten seitens des Nutzers auf ausdr\u00fccklich freiwilliger Basis. Die Inanspruchnahme und Bezahlung aller angebotenen Dienste ist \u2013 soweit technisch m\u00f6glich und zumutbar &#8211; auch ohne Angabe solcher Daten bzw. unter Angabe anonymisierter Daten oder eines Pseudonyms gestattet.<\/p>\t\t\t\t\t\t\t\t<\/div>\n\t\t\t\t<\/div>\n\t\t\t\t\t<\/div>\n\t\t<\/div>\n\t\t\t\t\t<\/div>\n\t\t<\/section>\n\t\t\t\t<section class=\"elementor-section elementor-top-section elementor-element elementor-element-76ffdc0 elementor-section-boxed elementor-section-height-default elementor-section-height-default\" data-id=\"76ffdc0\" data-element_type=\"section\" data-e-type=\"section\">\n\t\t\t\t\t\t<div class=\"elementor-container elementor-column-gap-no\">\n\t\t\t\t\t<div class=\"elementor-column elementor-col-100 elementor-top-column elementor-element elementor-element-ba2df42\" data-id=\"ba2df42\" data-element_type=\"column\" data-e-type=\"column\">\n\t\t\t<div class=\"elementor-widget-wrap elementor-element-populated\">\n\t\t\t\t\t\t<div class=\"elementor-element elementor-element-1fd219a elementor-widget elementor-widget-heading\" data-id=\"1fd219a\" data-element_type=\"widget\" data-e-type=\"widget\" data-widget_type=\"heading.default\">\n\t\t\t\t<div class=\"elementor-widget-container\">\n\t\t\t\t\t<h2 class=\"elementor-heading-title elementor-size-default\">5. Datenschutzerkl\u00e4rung f\u00fcr die Nutzung von Google Analytics<\/h2>\t\t\t\t<\/div>\n\t\t\t\t<\/div>\n\t\t\t\t<div class=\"elementor-element elementor-element-b3249a2 elementor-widget elementor-widget-text-editor\" data-id=\"b3249a2\" data-element_type=\"widget\" data-e-type=\"widget\" data-widget_type=\"text-editor.default\">\n\t\t\t\t<div class=\"elementor-widget-container\">\n\t\t\t\t\t\t\t\t\t<p>Diese Website benutzt Google Analytics, einen Webanalysedienst der Google Inc. (&#171;Google&#187;). Google Analytics verwendet sog. &#171;Cookies&#187;, Textdateien, die auf Ihrem Computer gespeichert werden und die eine Analyse der Benutzung der Website durch Sie erm\u00f6glichen. Die durch den Cookie erzeugten Informationen \u00fcber Ihre Benutzung dieser Website werden in der Regel an einen Server von Google in den USA \u00fcbertragen und dort gespeichert. Im Falle der Aktivierung der IP-Anonymisierung auf dieser Webseite wird Ihre IP-Adresse von Google jedoch innerhalb von Mitgliedstaaten der Europ\u00e4ischen Union oder in anderen Vertragsstaaten des Abkommens \u00fcber den Europ\u00e4ischen Wirtschaftsraum zuvor gek\u00fcrzt. Nur in Ausnahmef\u00e4llen wird die volle IP-Adresse an einen Server von Google in den USA \u00fcbertragen und dort gek\u00fcrzt. Google wird diese Informationen benutzen, um Ihre Nutzung der Website auszuwerten, um Reports \u00fcber die Websiteaktivit\u00e4ten f\u00fcr die Websitebetreiber zusammenzustellen und um weitere mit der Websitenutzung und der Internetnutzung verbundene Dienstleistungen zu erbringen. Auch wird Google diese Informationen gegebenenfalls an Dritte \u00fcbertragen, sofern dies gesetzlich vorgeschrieben oder soweit Dritte diese Daten im Auftrag von Google verarbeiten. Die im Rahmen von Google Analytics von Ihrem Browser \u00fcbermittelte IP-Adresse wird nicht mit anderen Daten von Google zusammengef\u00fchrt. Sie k\u00f6nnen die Installation der Cookies durch eine entsprechende Einstellung Ihrer Browser Software verhindern; wir weisen Sie jedoch darauf hin, dass Sie in diesem Fall gegebenenfalls nicht s\u00e4mtliche Funktionen dieser Website voll umf\u00e4nglich nutzen k\u00f6nnen. Durch die Nutzung dieser Website erkl\u00e4ren Sie sich mit der Bearbeitung der \u00fcber Sie erhobenen Daten durch Google in der zuvor beschriebenen Art und Weise und zu dem zuvor benannten Zweck einverstanden.<\/p>\t\t\t\t\t\t\t\t<\/div>\n\t\t\t\t<\/div>\n\t\t\t\t\t<\/div>\n\t\t<\/div>\n\t\t\t\t\t<\/div>\n\t\t<\/section>\n\t\t\t\t<section class=\"elementor-section elementor-top-section elementor-element elementor-element-d209a01 elementor-section-boxed elementor-section-height-default elementor-section-height-default\" data-id=\"d209a01\" data-element_type=\"section\" data-e-type=\"section\">\n\t\t\t\t\t\t<div class=\"elementor-container elementor-column-gap-no\">\n\t\t\t\t\t<div class=\"elementor-column elementor-col-100 elementor-top-column elementor-element elementor-element-6860008\" data-id=\"6860008\" data-element_type=\"column\" data-e-type=\"column\">\n\t\t\t<div class=\"elementor-widget-wrap elementor-element-populated\">\n\t\t\t\t\t\t<div class=\"elementor-element elementor-element-d470e2d elementor-widget elementor-widget-heading\" data-id=\"d470e2d\" data-element_type=\"widget\" data-e-type=\"widget\" data-widget_type=\"heading.default\">\n\t\t\t\t<div class=\"elementor-widget-container\">\n\t\t\t\t\t<h2 class=\"elementor-heading-title elementor-size-default\">6. Rechtswirksamkeit dieses Haftungsausschlusses<\/h2>\t\t\t\t<\/div>\n\t\t\t\t<\/div>\n\t\t\t\t<div class=\"elementor-element elementor-element-858e6e7 elementor-widget elementor-widget-text-editor\" data-id=\"858e6e7\" data-element_type=\"widget\" data-e-type=\"widget\" data-widget_type=\"text-editor.default\">\n\t\t\t\t<div class=\"elementor-widget-container\">\n\t\t\t\t\t\t\t\t\t<p>Dieser Haftungsausschluss ist als Teil des Internetangebotes zu betrachten, von dem aus auf diese Seite verwiesen wurde. Sofern Teile oder einzelne Formulierungen dieses Textes der geltenden Rechtslage nicht, nicht mehr oder nicht vollst\u00e4ndig entsprechen sollten, bleiben die \u00fcbrigen Teile des Dokumentes in ihrem Inhalt und ihrer G\u00fcltigkeit davon unber\u00fchrt.<\/p>\t\t\t\t\t\t\t\t<\/div>\n\t\t\t\t<\/div>\n\t\t\t\t\t<\/div>\n\t\t<\/div>\n\t\t\t\t\t<\/div>\n\t\t<\/section>\n\t\t\t\t<section class=\"elementor-section elementor-top-section elementor-element elementor-element-5d9505d elementor-section-boxed elementor-section-height-default elementor-section-height-default\" data-id=\"5d9505d\" data-element_type=\"section\" data-e-type=\"section\">\n\t\t\t\t\t\t<div class=\"elementor-container elementor-column-gap-no\">\n\t\t\t\t\t<div class=\"elementor-column elementor-col-100 elementor-top-column elementor-element elementor-element-e223955\" data-id=\"e223955\" data-element_type=\"column\" data-e-type=\"column\">\n\t\t\t<div class=\"elementor-widget-wrap elementor-element-populated\">\n\t\t\t\t\t\t<div class=\"elementor-element elementor-element-f5c376e elementor-widget elementor-widget-text-editor\" data-id=\"f5c376e\" data-element_type=\"widget\" data-e-type=\"widget\" data-widget_type=\"text-editor.default\">\n\t\t\t\t<div class=\"elementor-widget-container\">\n\t\t\t\t\t\t\t\t\t<p>Copyright 2019. Alle Rechte vorbehalten. Regula Irniger Weber<\/p>\t\t\t\t\t\t\t\t<\/div>\n\t\t\t\t<\/div>\n\t\t\t\t\t<\/div>\n\t\t<\/div>\n\t\t\t\t\t<\/div>\n\t\t<\/section>\n\t\t\t\t<\/div>\n\t\t","protected":false},"excerpt":{"rendered":"<p>Impressum Regula Irniger WeberKirchberg 999CH-9428 WolfhaldenLizenz-Nr.: NL\u201300011642 +41 79 207 98 57info@ferienhaus-campodoro.ch Datenschutz 1. Inhalt des Onlineangebotes Die Webseitenbetreiber von dieser Website \u00fcbernehmen keine Gew\u00e4hr f\u00fcr die Aktualit\u00e4t, Korrektheit, Vollst\u00e4ndigkeit oder Qualit\u00e4t der bereitgestellten Informationen. Haftungsanspr\u00fcche gegen die Autoren, welche sich auf Sch\u00e4den materieller oder ideeller Art beziehen, die durch die Nutzung oder Nichtnutzung der &hellip; <\/p>\n<p class=\"link-more\"><a href=\"https:\/\/www.ferienhaus-campodoro.ch\/index.php\/impressum-datenschutz\/\" class=\"more-link\"><span class=\"screen-reader-text\">&#171;Impressum &#038; Datenschutz&#187;<\/span> weiterlesen<\/a><\/p>\n","protected":false},"author":1,"featured_media":0,"parent":0,"menu_order":0,"comment_status":"closed","ping_status":"closed","template":"elementor_header_footer","meta":{"footnotes":""},"class_list":["post-991","page","type-page","status-publish","hentry"],"yoast_head":"<!-- This site is optimized with the Yoast SEO Premium plugin v28.3 (Yoast SEO v28.3) - https:\/\/yoast.com\/product\/yoast-seo-premium-wordpress\/ -->\n<title>Impressum &amp; Datenschutz - Campo d&#039;Oro<\/title>\n<meta name=\"robots\" content=\"index, follow, max-snippet:-1, max-image-preview:large, max-video-preview:-1\" \/>\n<link rel=\"canonical\" href=\"https:\/\/www.ferienhaus-campodoro.ch\/index.php\/impressum-datenschutz\/\" \/>\n<meta property=\"og:locale\" content=\"de_DE\" \/>\n<meta property=\"og:type\" content=\"article\" \/>\n<meta property=\"og:title\" content=\"Impressum &amp; Datenschutz\" \/>\n<meta property=\"og:description\" content=\"Impressum Regula Irniger WeberKirchberg 999CH-9428 WolfhaldenLizenz-Nr.: NL\u201300011642 +41 79 207 98 57info@ferienhaus-campodoro.ch Datenschutz 1. Inhalt des Onlineangebotes Die Webseitenbetreiber von dieser Website \u00fcbernehmen keine Gew\u00e4hr f\u00fcr die Aktualit\u00e4t, Korrektheit, Vollst\u00e4ndigkeit oder Qualit\u00e4t der bereitgestellten Informationen. Haftungsanspr\u00fcche gegen die Autoren, welche sich auf Sch\u00e4den materieller oder ideeller Art beziehen, die durch die Nutzung oder Nichtnutzung der &hellip; &quot;Impressum &#038; Datenschutz&quot; weiterlesen\" \/>\n<meta property=\"og:url\" content=\"https:\/\/www.ferienhaus-campodoro.ch\/index.php\/impressum-datenschutz\/\" \/>\n<meta property=\"og:site_name\" content=\"Campo d&#039;Oro\" \/>\n<meta property=\"article:modified_time\" content=\"2025-07-24T09:10:13+00:00\" \/>\n<meta property=\"og:image\" content=\"https:\/\/www.ferienhaus-campodoro.ch\/wp-content\/uploads\/2019\/05\/15.jpg\" \/>\n\t<meta property=\"og:image:width\" content=\"1280\" \/>\n\t<meta property=\"og:image:height\" content=\"960\" \/>\n\t<meta property=\"og:image:type\" content=\"image\/jpeg\" \/>\n<meta name=\"twitter:card\" content=\"summary_large_image\" \/>\n<meta name=\"twitter:label1\" content=\"Gesch\u00e4tzte Lesezeit\" \/>\n\t<meta name=\"twitter:data1\" content=\"6\u00a0Minuten\" \/>\n<script type=\"application\/ld+json\" class=\"yoast-schema-graph\">{\"@context\":\"https:\\\/\\\/schema.org\",\"@graph\":[{\"@type\":\"WebPage\",\"@id\":\"https:\\\/\\\/www.ferienhaus-campodoro.ch\\\/index.php\\\/impressum-datenschutz\\\/\",\"url\":\"https:\\\/\\\/www.ferienhaus-campodoro.ch\\\/index.php\\\/impressum-datenschutz\\\/\",\"name\":\"Impressum & Datenschutz - Campo d&#039;Oro\",\"isPartOf\":{\"@id\":\"https:\\\/\\\/www.ferienhaus-campodoro.ch\\\/#website\"},\"datePublished\":\"2019-05-08T11:59:06+00:00\",\"dateModified\":\"2025-07-24T09:10:13+00:00\",\"breadcrumb\":{\"@id\":\"https:\\\/\\\/www.ferienhaus-campodoro.ch\\\/index.php\\\/impressum-datenschutz\\\/#breadcrumb\"},\"inLanguage\":\"de-CH\",\"potentialAction\":[{\"@type\":\"ReadAction\",\"target\":[\"https:\\\/\\\/www.ferienhaus-campodoro.ch\\\/index.php\\\/impressum-datenschutz\\\/\"]}]},{\"@type\":\"BreadcrumbList\",\"@id\":\"https:\\\/\\\/www.ferienhaus-campodoro.ch\\\/index.php\\\/impressum-datenschutz\\\/#breadcrumb\",\"itemListElement\":[{\"@type\":\"ListItem\",\"position\":1,\"name\":\"Home\",\"item\":\"https:\\\/\\\/www.ferienhaus-campodoro.ch\\\/\"},{\"@type\":\"ListItem\",\"position\":2,\"name\":\"Impressum &#038; Datenschutz\"}]},{\"@type\":\"WebSite\",\"@id\":\"https:\\\/\\\/www.ferienhaus-campodoro.ch\\\/#website\",\"url\":\"https:\\\/\\\/www.ferienhaus-campodoro.ch\\\/\",\"name\":\"Ferienhaus Campo d'Oro\",\"description\":\"Ferienhaus mit Privatstrand am Luganersee mieten\",\"publisher\":{\"@id\":\"https:\\\/\\\/www.ferienhaus-campodoro.ch\\\/#organization\"},\"alternateName\":\"Camp d'Oro\",\"potentialAction\":[{\"@type\":\"SearchAction\",\"target\":{\"@type\":\"EntryPoint\",\"urlTemplate\":\"https:\\\/\\\/www.ferienhaus-campodoro.ch\\\/?s={search_term_string}\"},\"query-input\":{\"@type\":\"PropertyValueSpecification\",\"valueRequired\":true,\"valueName\":\"search_term_string\"}}],\"inLanguage\":\"de-CH\"},{\"@type\":\"Organization\",\"@id\":\"https:\\\/\\\/www.ferienhaus-campodoro.ch\\\/#organization\",\"name\":\"Ferienhaus Campo d'Oro\",\"alternateName\":\"Ferienhaus mit Seezugang\",\"url\":\"https:\\\/\\\/www.ferienhaus-campodoro.ch\\\/\",\"logo\":{\"@type\":\"ImageObject\",\"inLanguage\":\"de-CH\",\"@id\":\"https:\\\/\\\/www.ferienhaus-campodoro.ch\\\/#\\\/schema\\\/logo\\\/image\\\/\",\"url\":\"https:\\\/\\\/www.ferienhaus-campodoro.ch\\\/wp-content\\\/uploads\\\/2019\\\/03\\\/2019-03-03-17.37.31-e1552998004878-1024x768.jpg\",\"contentUrl\":\"https:\\\/\\\/www.ferienhaus-campodoro.ch\\\/wp-content\\\/uploads\\\/2019\\\/03\\\/2019-03-03-17.37.31-e1552998004878-1024x768.jpg\",\"width\":1024,\"height\":768,\"caption\":\"Ferienhaus Campo d'Oro\"},\"image\":{\"@id\":\"https:\\\/\\\/www.ferienhaus-campodoro.ch\\\/#\\\/schema\\\/logo\\\/image\\\/\"},\"email\":\"info@ferienhaus-campodoro.ch\",\"telephone\":\"+41 79 207 98 57\"}]}<\/script>\n<!-- \/ Yoast SEO Premium plugin. -->","yoast_head_json":{"title":"Impressum & Datenschutz - Campo d&#039;Oro","robots":{"index":"index","follow":"follow","max-snippet":"max-snippet:-1","max-image-preview":"max-image-preview:large","max-video-preview":"max-video-preview:-1"},"canonical":"https:\/\/www.ferienhaus-campodoro.ch\/index.php\/impressum-datenschutz\/","og_locale":"de_DE","og_type":"article","og_title":"Impressum & Datenschutz","og_description":"Impressum Regula Irniger WeberKirchberg 999CH-9428 WolfhaldenLizenz-Nr.: NL\u201300011642 +41 79 207 98 57info@ferienhaus-campodoro.ch Datenschutz 1. Inhalt des Onlineangebotes Die Webseitenbetreiber von dieser Website \u00fcbernehmen keine Gew\u00e4hr f\u00fcr die Aktualit\u00e4t, Korrektheit, Vollst\u00e4ndigkeit oder Qualit\u00e4t der bereitgestellten Informationen. Haftungsanspr\u00fcche gegen die Autoren, welche sich auf Sch\u00e4den materieller oder ideeller Art beziehen, die durch die Nutzung oder Nichtnutzung der &hellip; \"Impressum &#038; Datenschutz\" weiterlesen","og_url":"https:\/\/www.ferienhaus-campodoro.ch\/index.php\/impressum-datenschutz\/","og_site_name":"Campo d&#039;Oro","article_modified_time":"2025-07-24T09:10:13+00:00","og_image":[{"width":1280,"height":960,"url":"https:\/\/www.ferienhaus-campodoro.ch\/wp-content\/uploads\/2019\/05\/15.jpg","type":"image\/jpeg"}],"twitter_card":"summary_large_image","twitter_misc":{"Gesch\u00e4tzte Lesezeit":"6\u00a0Minuten"},"schema":{"@context":"https:\/\/schema.org","@graph":[{"@type":"WebPage","@id":"https:\/\/www.ferienhaus-campodoro.ch\/index.php\/impressum-datenschutz\/","url":"https:\/\/www.ferienhaus-campodoro.ch\/index.php\/impressum-datenschutz\/","name":"Impressum & Datenschutz - Campo d&#039;Oro","isPartOf":{"@id":"https:\/\/www.ferienhaus-campodoro.ch\/#website"},"datePublished":"2019-05-08T11:59:06+00:00","dateModified":"2025-07-24T09:10:13+00:00","breadcrumb":{"@id":"https:\/\/www.ferienhaus-campodoro.ch\/index.php\/impressum-datenschutz\/#breadcrumb"},"inLanguage":"de-CH","potentialAction":[{"@type":"ReadAction","target":["https:\/\/www.ferienhaus-campodoro.ch\/index.php\/impressum-datenschutz\/"]}]},{"@type":"BreadcrumbList","@id":"https:\/\/www.ferienhaus-campodoro.ch\/index.php\/impressum-datenschutz\/#breadcrumb","itemListElement":[{"@type":"ListItem","position":1,"name":"Home","item":"https:\/\/www.ferienhaus-campodoro.ch\/"},{"@type":"ListItem","position":2,"name":"Impressum &#038; Datenschutz"}]},{"@type":"WebSite","@id":"https:\/\/www.ferienhaus-campodoro.ch\/#website","url":"https:\/\/www.ferienhaus-campodoro.ch\/","name":"Ferienhaus Campo d'Oro","description":"Ferienhaus mit Privatstrand am Luganersee mieten","publisher":{"@id":"https:\/\/www.ferienhaus-campodoro.ch\/#organization"},"alternateName":"Camp d'Oro","potentialAction":[{"@type":"SearchAction","target":{"@type":"EntryPoint","urlTemplate":"https:\/\/www.ferienhaus-campodoro.ch\/?s={search_term_string}"},"query-input":{"@type":"PropertyValueSpecification","valueRequired":true,"valueName":"search_term_string"}}],"inLanguage":"de-CH"},{"@type":"Organization","@id":"https:\/\/www.ferienhaus-campodoro.ch\/#organization","name":"Ferienhaus Campo d'Oro","alternateName":"Ferienhaus mit Seezugang","url":"https:\/\/www.ferienhaus-campodoro.ch\/","logo":{"@type":"ImageObject","inLanguage":"de-CH","@id":"https:\/\/www.ferienhaus-campodoro.ch\/#\/schema\/logo\/image\/","url":"https:\/\/www.ferienhaus-campodoro.ch\/wp-content\/uploads\/2019\/03\/2019-03-03-17.37.31-e1552998004878-1024x768.jpg","contentUrl":"https:\/\/www.ferienhaus-campodoro.ch\/wp-content\/uploads\/2019\/03\/2019-03-03-17.37.31-e1552998004878-1024x768.jpg","width":1024,"height":768,"caption":"Ferienhaus Campo d'Oro"},"image":{"@id":"https:\/\/www.ferienhaus-campodoro.ch\/#\/schema\/logo\/image\/"},"email":"info@ferienhaus-campodoro.ch","telephone":"+41 79 207 98 57"}]}},"_links":{"self":[{"href":"https:\/\/www.ferienhaus-campodoro.ch\/index.php\/wp-json\/wp\/v2\/pages\/991","targetHints":{"allow":["GET"]}}],"collection":[{"href":"https:\/\/www.ferienhaus-campodoro.ch\/index.php\/wp-json\/wp\/v2\/pages"}],"about":[{"href":"https:\/\/www.ferienhaus-campodoro.ch\/index.php\/wp-json\/wp\/v2\/types\/page"}],"author":[{"embeddable":true,"href":"https:\/\/www.ferienhaus-campodoro.ch\/index.php\/wp-json\/wp\/v2\/users\/1"}],"replies":[{"embeddable":true,"href":"https:\/\/www.ferienhaus-campodoro.ch\/index.php\/wp-json\/wp\/v2\/comments?post=991"}],"version-history":[{"count":21,"href":"https:\/\/www.ferienhaus-campodoro.ch\/index.php\/wp-json\/wp\/v2\/pages\/991\/revisions"}],"predecessor-version":[{"id":1509,"href":"https:\/\/www.ferienhaus-campodoro.ch\/index.php\/wp-json\/wp\/v2\/pages\/991\/revisions\/1509"}],"wp:attachment":[{"href":"https:\/\/www.ferienhaus-campodoro.ch\/index.php\/wp-json\/wp\/v2\/media?parent=991"}],"curies":[{"name":"wp","href":"https:\/\/api.w.org\/{rel}","templated":true}]}}